{"id":1148,"date":"2025-12-01T23:48:14","date_gmt":"2025-12-01T23:48:14","guid":{"rendered":"https:\/\/www.cinemaiubit.ro\/programul-festivalului\/fictiune-7\/"},"modified":"2025-12-04T18:21:52","modified_gmt":"2025-12-04T18:21:52","slug":"fictiune-7","status":"publish","type":"page","link":"https:\/\/www.cinemaiubit.ro\/ro\/programul-festivalului\/fictiune-7\/","title":{"rendered":"FIC\u021aIUNE 7"},"content":{"rendered":"<section class=\"l-section wpb_row height_small\"><div class=\"l-section-h i-cf\"><div class=\"g-cols vc_row via_flex valign_top type_default stacking_default\"><div class=\"vc_col-sm-12 wpb_column vc_column_container\"><div class=\"vc_column-inner\"><div class=\"wpb_wrapper\"><div class=\"wpb_text_column\"><div class=\"wpb_wrapper\"><h2 style=\"text-align: center;\">FIC\u021aIUNE 7<\/h2>\n<p style=\"text-align: center;\"><strong>12 decembrie 2025<\/strong><br \/>\n<strong>SALA CINEMA UNATC \u2013 07.00 PM \u2013 09.00 PM<\/strong><\/p>\n<\/div><\/div><\/div><\/div><\/div><\/div><\/div><\/section><section class=\"l-section wpb_row height_auto\"><div class=\"l-section-h i-cf\"><div class=\"g-cols vc_row via_flex valign_top type_default stacking_default\"><div class=\"vc_col-sm-4 wpb_column vc_column_container\"><div class=\"vc_column-inner\"><div class=\"wpb_wrapper\"><h5 class=\"w-text icon_atleft\"><span class=\"w-text-h\"><i class=\"fas fa-clock\"><\/i><span class=\"w-text-value\">Ora: 07:00 PM<\/span><\/span><\/h5><div class=\"w-image align_none\"><a ref=\"magnificPopup\" href=\"https:\/\/www.cinemaiubit.ro\/wp-content\/uploads\/2025\/12\/O-noapte-calda_web.jpg\" aria-label=\"O noapte calda_web\" class=\"w-image-h\"><img decoding=\"async\" width=\"1024\" height=\"631\" src=\"https:\/\/www.cinemaiubit.ro\/wp-content\/uploads\/2025\/12\/O-noapte-calda_web-1024x631.jpg\" class=\"attachment-large size-large\" alt=\"\" loading=\"lazy\" srcset=\"https:\/\/www.cinemaiubit.ro\/wp-content\/uploads\/2025\/12\/O-noapte-calda_web-1024x631.jpg 1024w, https:\/\/www.cinemaiubit.ro\/wp-content\/uploads\/2025\/12\/O-noapte-calda_web-300x185.jpg 300w, https:\/\/www.cinemaiubit.ro\/wp-content\/uploads\/2025\/12\/O-noapte-calda_web.jpg 1654w\" sizes=\"auto, (max-width: 1024px) 100vw, 1024px\" \/><\/a><\/div><\/div><\/div><\/div><div class=\"vc_col-sm-8 wpb_column vc_column_container\"><div class=\"vc_column-inner\"><div class=\"wpb_wrapper\"><div class=\"wpb_text_column\"><div class=\"wpb_wrapper\"><h5>O noapte cald\u0103<br \/>\nFic\u021biune<br \/>\n12 min, 2025 &#8211; Romania, UNATC<\/h5>\n<p>Regie: Andreea \u0218tef\u0103nescu<br \/>\nScenariu: Andreea \u0218tef\u0103nescu<br \/>\nImagine: Andreea \u0218tef\u0103nescu<br \/>\nMontaj: Vlad Buga<br \/>\nSunet: Vlad Buga<br \/>\nProduc\u0103tor: Andreea \u0218tef\u0103nescu<br \/>\nDistribu\u021bie: Rare\u0219 P\u00eerlog<\/p>\n<p>Sinopsis: Mike tocmai \u00ee\u0219i terminase tura \u0219i se \u00eentorcea \u00een camera de motel pe care o \u00eenchiriase pentru c\u00e2teva zile. Acolo, \u00eel a\u0219tepta un plic plin cu bani. Pere\u021bii sub\u021biri l\u0103sau s\u0103 se aud\u0103 fiecare sc\u00e2r\u021b\u00e2it \u0219i \u0219oapt\u0103 din camerele vecine. \u00cenconjurat de zumzetul vie\u021bii de afar\u0103, se scufund\u0103 \u00een c\u0103ldura grea a nop\u021bii &#8211; noaptea dinaintea crimei.<\/p>\n<\/div><\/div><div class=\"w-separator size_small with_line width_50 thick_2 style_dotted color_text align_center\"><div class=\"w-separator-h\"><\/div><\/div><\/div><\/div><\/div><\/div><\/div><\/section><section class=\"l-section wpb_row height_auto\"><div class=\"l-section-h i-cf\"><div class=\"g-cols vc_row via_flex valign_top type_default stacking_default\"><div class=\"vc_col-sm-4 wpb_column vc_column_container\"><div class=\"vc_column-inner\"><div class=\"wpb_wrapper\"><h5 class=\"w-text icon_atleft\"><span class=\"w-text-h\"><i class=\"fas fa-clock\"><\/i><span class=\"w-text-value\">Ora: 07:12 PM<\/span><\/span><\/h5><div class=\"w-image align_none\"><a ref=\"magnificPopup\" href=\"https:\/\/www.cinemaiubit.ro\/wp-content\/uploads\/2025\/12\/Two-and-a-Half-BUN_web.jpg\" aria-label=\"Two and a Half BUN_web\" class=\"w-image-h\"><img decoding=\"async\" width=\"1024\" height=\"631\" src=\"https:\/\/www.cinemaiubit.ro\/wp-content\/uploads\/2025\/12\/Two-and-a-Half-BUN_web-1024x631.jpg\" class=\"attachment-large size-large\" alt=\"\" loading=\"lazy\" srcset=\"https:\/\/www.cinemaiubit.ro\/wp-content\/uploads\/2025\/12\/Two-and-a-Half-BUN_web-1024x631.jpg 1024w, https:\/\/www.cinemaiubit.ro\/wp-content\/uploads\/2025\/12\/Two-and-a-Half-BUN_web-300x185.jpg 300w, https:\/\/www.cinemaiubit.ro\/wp-content\/uploads\/2025\/12\/Two-and-a-Half-BUN_web.jpg 1654w\" sizes=\"auto, (max-width: 1024px) 100vw, 1024px\" \/><\/a><\/div><\/div><\/div><\/div><div class=\"vc_col-sm-8 wpb_column vc_column_container\"><div class=\"vc_column-inner\"><div class=\"wpb_wrapper\"><div class=\"wpb_text_column\"><div class=\"wpb_wrapper\"><h5>Deux et Demi<br \/>\nFic\u021biune<br \/>\n17 min, 2025 &#8211; Fran\u021ba, La Femis<\/h5>\n<p>Regie: Gauthier Gervaise<br \/>\nScenariu: Valentin Noel, Gauthier Gervaise<br \/>\nImagine: Tommy Boulet<br \/>\nMontaj: Laura Castellan, Liza Journot, Sacha Kouprianoff<br \/>\nSunet: Yvan Butttaud Gallot Laval\u00e9e, Guillaume Bensaou, Lana Limar<br \/>\nProduc\u0103tor: Adele Fressoz, Florian Glasgall, Astrid Issaverdens<br \/>\nDistribu\u021bie: Oscar Lesage, Hugo Gervaise, David Clavel, Adrien Casse, Cyril Durel<\/p>\n<p>Sinopsis: Doi fra\u021bi, Louis \u0219i Noah, concureaz\u0103 \u00eentr-o curs\u0103 de enduro. Pe m\u0103sur\u0103 ce competi\u021bia devine mai acerb\u0103, ambi\u021biile \u0219i rivalitatea risc\u0103 s\u0103 duc\u0103 la distrugerea rela\u021biei lor.<\/p>\n<\/div><\/div><div class=\"w-separator size_small with_line width_50 thick_2 style_dotted color_text align_center\"><div class=\"w-separator-h\"><\/div><\/div><\/div><\/div><\/div><\/div><\/div><\/section><section class=\"l-section wpb_row height_auto\"><div class=\"l-section-h i-cf\"><div class=\"g-cols vc_row via_flex valign_top type_default stacking_default\"><div class=\"vc_col-sm-4 wpb_column vc_column_container\"><div class=\"vc_column-inner\"><div class=\"wpb_wrapper\"><h5 class=\"w-text icon_atleft\"><span class=\"w-text-h\"><i class=\"fas fa-clock\"><\/i><span class=\"w-text-value\">Ora: 07:29 PM<\/span><\/span><\/h5><div class=\"w-image align_none\"><a ref=\"magnificPopup\" href=\"https:\/\/www.cinemaiubit.ro\/wp-content\/uploads\/2025\/12\/Ajutoare_web.jpg\" aria-label=\"Ajutoare_web\" class=\"w-image-h\"><img decoding=\"async\" width=\"1024\" height=\"631\" src=\"https:\/\/www.cinemaiubit.ro\/wp-content\/uploads\/2025\/12\/Ajutoare_web-1024x631.jpg\" class=\"attachment-large size-large\" alt=\"\" loading=\"lazy\" srcset=\"https:\/\/www.cinemaiubit.ro\/wp-content\/uploads\/2025\/12\/Ajutoare_web-1024x631.jpg 1024w, https:\/\/www.cinemaiubit.ro\/wp-content\/uploads\/2025\/12\/Ajutoare_web-300x185.jpg 300w, https:\/\/www.cinemaiubit.ro\/wp-content\/uploads\/2025\/12\/Ajutoare_web.jpg 1654w\" sizes=\"auto, (max-width: 1024px) 100vw, 1024px\" \/><\/a><\/div><\/div><\/div><\/div><div class=\"vc_col-sm-8 wpb_column vc_column_container\"><div class=\"vc_column-inner\"><div class=\"wpb_wrapper\"><div class=\"wpb_text_column\"><div class=\"wpb_wrapper\"><h5>Ajutoare<br \/>\nFic\u021biune<br \/>\n16 min, 2024 &#8211; Romania, UNATC<\/h5>\n<p>Regie: Valentin Rare\u0219 Fogoro\u0219<br \/>\nScenariu: Valentin Rare\u0219 Fogoro\u0219, Adrian Ionescu<br \/>\nImagine: Adrian P\u0103dure\u021bu<br \/>\nMontaj: Cristina Popa, Ilinca Miro\u0219anu<br \/>\nSunet: Iacoban Marian Ioan<br \/>\nProduc\u0103tor: Valentin Rare\u0219 Fogoro\u0219<br \/>\nDistribu\u021bie: Cristian Bota, Pavel Bota, M\u00e2ndru C\u0103t\u0103lin \u0218tefan, Ina Ilasciuc, Radion Ghila\u0219, Ionu\u021b Achivoaie, Anastasia Toderi\u0219an, Gabriel Dumitrescu<\/p>\n<p>Sinopsis: Fane, un combinator m\u0103runt, intr\u0103 \u00een Ucraina sub pretextul unei misiuni umanitare, \u00eencerc\u00e2nd s\u0103 fac\u0103 rost de \u021big\u0103ri de contraband\u0103. Planul s\u0103u este dat peste cap atunci c\u00e2nd descoper\u0103 \u00een dub\u0103 un pasager nea\u0219teptat: Oleg, un copil refugiat, r\u0103t\u0103cit de p\u0103rin\u021bi.<\/p>\n<\/div><\/div><div class=\"w-separator size_small with_line width_50 thick_2 style_dotted color_text align_center\"><div class=\"w-separator-h\"><\/div><\/div><\/div><\/div><\/div><\/div><\/div><\/section><section class=\"l-section wpb_row height_auto\"><div class=\"l-section-h i-cf\"><div class=\"g-cols vc_row via_flex valign_top type_default stacking_default\"><div class=\"vc_col-sm-4 wpb_column vc_column_container\"><div class=\"vc_column-inner\"><div class=\"wpb_wrapper\"><h5 class=\"w-text icon_atleft\"><span class=\"w-text-h\"><i class=\"fas fa-clock\"><\/i><span class=\"w-text-value\">Ora: 07:45 PM<\/span><\/span><\/h5><div class=\"w-image align_none\"><a ref=\"magnificPopup\" href=\"https:\/\/www.cinemaiubit.ro\/wp-content\/uploads\/2025\/12\/Cold-Toast_web.jpg\" aria-label=\"Cold Toast_web\" class=\"w-image-h\"><img decoding=\"async\" width=\"1024\" height=\"631\" src=\"https:\/\/www.cinemaiubit.ro\/wp-content\/uploads\/2025\/12\/Cold-Toast_web-1024x631.jpg\" class=\"attachment-large size-large\" alt=\"\" loading=\"lazy\" srcset=\"https:\/\/www.cinemaiubit.ro\/wp-content\/uploads\/2025\/12\/Cold-Toast_web-1024x631.jpg 1024w, https:\/\/www.cinemaiubit.ro\/wp-content\/uploads\/2025\/12\/Cold-Toast_web-300x185.jpg 300w, https:\/\/www.cinemaiubit.ro\/wp-content\/uploads\/2025\/12\/Cold-Toast_web.jpg 1654w\" sizes=\"auto, (max-width: 1024px) 100vw, 1024px\" \/><\/a><\/div><\/div><\/div><\/div><div class=\"vc_col-sm-8 wpb_column vc_column_container\"><div class=\"vc_column-inner\"><div class=\"wpb_wrapper\"><div class=\"wpb_text_column\"><div class=\"wpb_wrapper\"><h5>Kaltes Toast<br \/>\nFic\u021biune<br \/>\n9 min, 2025 &#8211; Germania, iFS<\/h5>\n<p>Regie: Juliane B\u00fcrckel<br \/>\nScenariu: Jakob Gautason<br \/>\nImagine: Jonathan Birk<br \/>\nMontaj: Jo\u00e3o Wolf May<br \/>\nSunet: Jo\u00e3o Wolf May<br \/>\nProduc\u0103tor: Joshua Coen<br \/>\nDistribu\u021bie: Justus Rosenkranz, Eric Haarhaus<\/p>\n<p>Sinopsis: \u00cen noaptea de Anul Nou, un t\u00e2n\u0103r \u00eencearc\u0103 s\u0103 se sinucid\u0103 \u00een cad\u0103, cu un pr\u0103jitor de p\u00e2ine. C\u00e2nd pr\u0103jitorul se stric\u0103, t\u00e2n\u0103rul se confrunt\u0103 cu o problem\u0103: s\u0103-l \u00eenlocuiasc\u0103 de mai multe ori sau s\u0103 \u00ee\u0219i rezolve problemele.<\/p>\n<\/div><\/div><div class=\"w-separator size_small with_line width_50 thick_2 style_dotted color_text align_center\"><div class=\"w-separator-h\"><\/div><\/div><\/div><\/div><\/div><\/div><\/div><\/section><section class=\"l-section wpb_row height_auto\"><div class=\"l-section-h i-cf\"><div class=\"g-cols vc_row via_flex valign_top type_default stacking_default\"><div class=\"vc_col-sm-4 wpb_column vc_column_container\"><div class=\"vc_column-inner\"><div class=\"wpb_wrapper\"><h5 class=\"w-text icon_atleft\"><span class=\"w-text-h\"><i class=\"fas fa-clock\"><\/i><span class=\"w-text-value\">Ora: 07:54 PM<\/span><\/span><\/h5><div class=\"w-image align_none\"><a ref=\"magnificPopup\" href=\"https:\/\/www.cinemaiubit.ro\/wp-content\/uploads\/2025\/12\/Halfway-House_web.jpg\" aria-label=\"Halfway House_web\" class=\"w-image-h\"><img decoding=\"async\" width=\"1024\" height=\"631\" src=\"https:\/\/www.cinemaiubit.ro\/wp-content\/uploads\/2025\/12\/Halfway-House_web-1024x631.jpg\" class=\"attachment-large size-large\" alt=\"\" loading=\"lazy\" srcset=\"https:\/\/www.cinemaiubit.ro\/wp-content\/uploads\/2025\/12\/Halfway-House_web-1024x631.jpg 1024w, https:\/\/www.cinemaiubit.ro\/wp-content\/uploads\/2025\/12\/Halfway-House_web-300x185.jpg 300w, https:\/\/www.cinemaiubit.ro\/wp-content\/uploads\/2025\/12\/Halfway-House_web.jpg 1654w\" sizes=\"auto, (max-width: 1024px) 100vw, 1024px\" \/><\/a><\/div><\/div><\/div><\/div><div class=\"vc_col-sm-8 wpb_column vc_column_container\"><div class=\"vc_column-inner\"><div class=\"wpb_wrapper\"><div class=\"wpb_text_column\"><div class=\"wpb_wrapper\"><h5>Haus am Hang<br \/>\nFic\u021biune<br \/>\n23 min, 2024 &#8211; Germania, Filmakademie Baden-W\u00fcrttemberg<\/h5>\n<p>Regie: Konstantin M\u00fcnzel<br \/>\nScenariu: Luis Martinson<br \/>\nImagine: Paul Ader<br \/>\nMontaj: Emanuel Ramin Funck<br \/>\nSunet: Vincent Egerter<br \/>\nProduc\u0103tor: Bianca Beer, Helena Zeppenfeldt<br \/>\nDistribu\u021bie: Florian Gei\u00dfelmann, Liel Malka, Samia Chancrin, Lorenzo Angiero, Henry Boehncke, Felix Br\u00fcndlinger, Esrom Fishage, Erion Namani, Oliver Weiss<\/p>\n<p>Sinopsis: \u00centr-o institu\u021bie pentru delincven\u021bi minori, Jurek se afl\u0103 \u00eentr-o situa\u021bie delicat\u0103, oscil\u00e2nd \u00eentre atrac\u021bie \u0219i agresivitate fa\u021b\u0103 de nou-venitul Sascha.<\/p>\n<\/div><\/div><div class=\"w-separator size_small with_line width_50 thick_2 style_dotted color_text align_center\"><div class=\"w-separator-h\"><\/div><\/div><\/div><\/div><\/div><\/div><\/div><\/section><section class=\"l-section wpb_row height_auto\"><div class=\"l-section-h i-cf\"><div class=\"g-cols vc_row via_flex valign_top type_default stacking_default\"><div class=\"vc_col-sm-4 wpb_column vc_column_container\"><div class=\"vc_column-inner\"><div class=\"wpb_wrapper\"><h5 class=\"w-text icon_atleft\"><span class=\"w-text-h\"><i class=\"fas fa-clock\"><\/i><span class=\"w-text-value\">Ora: 08:17 PM<\/span><\/span><\/h5><div class=\"w-image align_none\"><a ref=\"magnificPopup\" href=\"https:\/\/www.cinemaiubit.ro\/wp-content\/uploads\/2025\/12\/Kissaki-Eros_web.jpg\" aria-label=\"Kissaki Eros_web\" class=\"w-image-h\"><img decoding=\"async\" width=\"1024\" height=\"631\" src=\"https:\/\/www.cinemaiubit.ro\/wp-content\/uploads\/2025\/12\/Kissaki-Eros_web-1024x631.jpg\" class=\"attachment-large size-large\" alt=\"\" loading=\"lazy\" srcset=\"https:\/\/www.cinemaiubit.ro\/wp-content\/uploads\/2025\/12\/Kissaki-Eros_web-1024x631.jpg 1024w, https:\/\/www.cinemaiubit.ro\/wp-content\/uploads\/2025\/12\/Kissaki-Eros_web-300x185.jpg 300w, https:\/\/www.cinemaiubit.ro\/wp-content\/uploads\/2025\/12\/Kissaki-Eros_web.jpg 1654w\" sizes=\"auto, (max-width: 1024px) 100vw, 1024px\" \/><\/a><\/div><\/div><\/div><\/div><div class=\"vc_col-sm-8 wpb_column vc_column_container\"><div class=\"vc_column-inner\"><div class=\"wpb_wrapper\"><div class=\"wpb_text_column\"><div class=\"wpb_wrapper\"><h5>Kissaki Eros<br \/>\nFic\u021biune<br \/>\n10 min, 2025 &#8211; Romania, UNATC<\/h5>\n<p>Regie: Tudor Di\u021bu &amp; Iris Re\u0219it<br \/>\nScenariu: Mircea Cintez\u0103 &amp; Tudor Di\u021bu<br \/>\nImagine: Tudor Di\u021bu<br \/>\nMontaj: Horia Buz\u0103\u021belu<br \/>\nSunet: Horia Buz\u0103\u021belu<br \/>\nProduc\u0103tor: Tudor Di\u021bu, Iris Re\u0219it &amp; Horia Buz\u0103\u021belu<br \/>\nDistribu\u021bie: Andrei Giurgea, Alexandru Petcu, Adrian Anghel, \u0218tefan Oprea, Luca Olteanu, Cristi P\u0103un<\/p>\n<p>Sinopsis: \u00centr-un sat izolat, doi mafio\u021bi dintr-un clan inspirat de samurai \u00ee\u0219i ascund o aventur\u0103 secret\u0103, plin\u0103 de fantezii cu katana. C\u00e2nd este descoperit\u0103, trebuie s\u0103 se dueleze pentru a decide cine r\u0103m\u00e2ne \u00een clan.<\/p>\n<\/div><\/div><div class=\"w-separator size_small with_line width_50 thick_2 style_dotted color_text align_center\"><div class=\"w-separator-h\"><\/div><\/div><\/div><\/div><\/div><\/div><\/div><\/section><section class=\"l-section wpb_row height_auto\"><div class=\"l-section-h i-cf\"><div class=\"g-cols vc_row via_flex valign_top type_default stacking_default\"><div class=\"vc_col-sm-4 wpb_column vc_column_container\"><div class=\"vc_column-inner\"><div class=\"wpb_wrapper\"><h5 class=\"w-text icon_atleft\"><span class=\"w-text-h\"><i class=\"fas fa-clock\"><\/i><span class=\"w-text-value\">Ora: 08:27 PM<\/span><\/span><\/h5><div class=\"w-image align_none\"><a ref=\"magnificPopup\" href=\"https:\/\/www.cinemaiubit.ro\/wp-content\/uploads\/2025\/12\/Sunny_web.jpg\" aria-label=\"Sunny_web\" class=\"w-image-h\"><img decoding=\"async\" width=\"1024\" height=\"631\" src=\"https:\/\/www.cinemaiubit.ro\/wp-content\/uploads\/2025\/12\/Sunny_web-1024x631.jpg\" class=\"attachment-large size-large\" alt=\"\" loading=\"lazy\" srcset=\"https:\/\/www.cinemaiubit.ro\/wp-content\/uploads\/2025\/12\/Sunny_web-1024x631.jpg 1024w, https:\/\/www.cinemaiubit.ro\/wp-content\/uploads\/2025\/12\/Sunny_web-300x185.jpg 300w, https:\/\/www.cinemaiubit.ro\/wp-content\/uploads\/2025\/12\/Sunny_web.jpg 1654w\" sizes=\"auto, (max-width: 1024px) 100vw, 1024px\" \/><\/a><\/div><\/div><\/div><\/div><div class=\"vc_col-sm-8 wpb_column vc_column_container\"><div class=\"vc_column-inner\"><div class=\"wpb_wrapper\"><div class=\"wpb_text_column\"><div class=\"wpb_wrapper\"><h5>Sunny<br \/>\nFic\u021biune<br \/>\n21 min, 2025 &#8211; Romania, UNATC<\/h5>\n<p>Regie: Andreea Parfenov<br \/>\nScenariu: Andreea Parfenov<br \/>\nImagine: R\u0103zvan Ro\u0219ca<br \/>\nMontaj: \u0218tefan Epuran<br \/>\nSunet: Iulian Nunu<br \/>\nProduc\u0103tor: Bianca Isofache<br \/>\nDistribu\u021bie: Karina Jianu, Valeriu Andriu\u021b\u0103<\/p>\n<p>Siinopsis: Sara merge \u00eentr-o excursie la pescuit al\u0103turi de tat\u0103l ei, \u00eenainte de a pleca la facultate. Timpul petrecut \u00eempreun\u0103, \u00een inima Deltei Dun\u0103rii, le ofer\u0103 fie \u0219ansa unei apropieri, fie con\u0219tientizarea distan\u021bei care \u00eei separ\u0103.<\/p>\n<\/div><\/div><div class=\"w-separator size_small with_line width_50 thick_2 style_dotted color_text align_center\"><div class=\"w-separator-h\"><\/div><\/div><\/div><\/div><\/div><\/div><\/div><\/section>\n","protected":false},"excerpt":{"rendered":"FIC\u021aIUNE 7 12 decembrie 2025 SALA CINEMA UNATC \u2013 07.00 PM \u2013 09.00 PM Ora: 07:00 PMO noapte cald\u0103 Fic\u021biune 12 min, 2025 &#8211; Romania, UNATC Regie: Andreea \u0218tef\u0103nescu Scenariu: Andreea \u0218tef\u0103nescu Imagine: Andreea \u0218tef\u0103nescu Montaj: Vlad Buga Sunet: Vlad Buga Produc\u0103tor: Andreea \u0218tef\u0103nescu Distribu\u021bie: Rare\u0219 P\u00eerlog Sinopsis: Mike tocmai \u00ee\u0219i terminase tura \u0219i se...","protected":false},"author":1,"featured_media":0,"parent":38,"menu_order":0,"comment_status":"closed","ping_status":"closed","template":"","meta":{"footnotes":""},"class_list":["post-1148","page","type-page","status-publish","hentry"],"_links":{"self":[{"href":"https:\/\/www.cinemaiubit.ro\/ro\/wp-json\/wp\/v2\/pages\/1148","targetHints":{"allow":["GET"]}}],"collection":[{"href":"https:\/\/www.cinemaiubit.ro\/ro\/wp-json\/wp\/v2\/pages"}],"about":[{"href":"https:\/\/www.cinemaiubit.ro\/ro\/wp-json\/wp\/v2\/types\/page"}],"author":[{"embeddable":true,"href":"https:\/\/www.cinemaiubit.ro\/ro\/wp-json\/wp\/v2\/users\/1"}],"replies":[{"embeddable":true,"href":"https:\/\/www.cinemaiubit.ro\/ro\/wp-json\/wp\/v2\/comments?post=1148"}],"version-history":[{"count":2,"href":"https:\/\/www.cinemaiubit.ro\/ro\/wp-json\/wp\/v2\/pages\/1148\/revisions"}],"predecessor-version":[{"id":1158,"href":"https:\/\/www.cinemaiubit.ro\/ro\/wp-json\/wp\/v2\/pages\/1148\/revisions\/1158"}],"up":[{"embeddable":true,"href":"https:\/\/www.cinemaiubit.ro\/ro\/wp-json\/wp\/v2\/pages\/38"}],"wp:attachment":[{"href":"https:\/\/www.cinemaiubit.ro\/ro\/wp-json\/wp\/v2\/media?parent=1148"}],"curies":[{"name":"wp","href":"https:\/\/api.w.org\/{rel}","templated":true}]}}