{"id":1137,"date":"2025-12-01T23:28:11","date_gmt":"2025-12-01T23:28:11","guid":{"rendered":"https:\/\/www.cinemaiubit.ro\/programul-festivalului\/fictiune-6\/"},"modified":"2025-12-06T22:19:43","modified_gmt":"2025-12-06T22:19:43","slug":"fictiune-6","status":"publish","type":"page","link":"https:\/\/www.cinemaiubit.ro\/ro\/programul-festivalului\/fictiune-6\/","title":{"rendered":"FIC\u021aIUNE 6"},"content":{"rendered":"<section class=\"l-section wpb_row height_small\"><div class=\"l-section-h i-cf\"><div class=\"g-cols vc_row via_flex valign_top type_default stacking_default\"><div class=\"vc_col-sm-12 wpb_column vc_column_container\"><div class=\"vc_column-inner\"><div class=\"wpb_wrapper\"><div class=\"wpb_text_column\"><div class=\"wpb_wrapper\"><h2 style=\"text-align: center;\">FIC\u021aIUNE 6<\/h2>\n<p style=\"text-align: center;\"><strong>12 decembrie 2025<\/strong><br \/>\n<strong>SALA CINEMA UNATC \u2013 04.00 PM \u2013 06.00 PM<\/strong><\/p>\n<\/div><\/div><\/div><\/div><\/div><\/div><\/div><\/section><section class=\"l-section wpb_row height_auto\"><div class=\"l-section-h i-cf\"><div class=\"g-cols vc_row via_flex valign_top type_default stacking_default\"><div class=\"vc_col-sm-4 wpb_column vc_column_container\"><div class=\"vc_column-inner\"><div class=\"wpb_wrapper\"><h5 class=\"w-text icon_atleft\"><span class=\"w-text-h\"><i class=\"fas fa-clock\"><\/i><span class=\"w-text-value\">Ora: 04:00 PM<\/span><\/span><\/h5><div class=\"w-image align_none\"><a ref=\"magnificPopup\" href=\"https:\/\/www.cinemaiubit.ro\/wp-content\/uploads\/2025\/12\/Blooming_web.jpg\" aria-label=\"Blooming_web\" class=\"w-image-h\"><img decoding=\"async\" width=\"1024\" height=\"631\" src=\"https:\/\/www.cinemaiubit.ro\/wp-content\/uploads\/2025\/12\/Blooming_web-1024x631.jpg\" class=\"attachment-large size-large\" alt=\"\" loading=\"lazy\" srcset=\"https:\/\/www.cinemaiubit.ro\/wp-content\/uploads\/2025\/12\/Blooming_web-1024x631.jpg 1024w, https:\/\/www.cinemaiubit.ro\/wp-content\/uploads\/2025\/12\/Blooming_web-300x185.jpg 300w, https:\/\/www.cinemaiubit.ro\/wp-content\/uploads\/2025\/12\/Blooming_web.jpg 1654w\" sizes=\"auto, (max-width: 1024px) 100vw, 1024px\" \/><\/a><\/div><\/div><\/div><\/div><div class=\"vc_col-sm-8 wpb_column vc_column_container\"><div class=\"vc_column-inner\"><div class=\"wpb_wrapper\"><div class=\"wpb_text_column\"><div class=\"wpb_wrapper\"><h5>Cvetenje<br \/>\nFic\u021biune<br \/>\n25 min, 2024 &#8211; Slovenia, AGRFT<\/h5>\n<p>Regie: Lara \u0160ifrer<br \/>\nScenariu: Lara \u0160ifrer<br \/>\nImagine: Ne\u017ea Jankovi\u010d<br \/>\nMontaj: Urban Mihevc<br \/>\nSunet: Du\u0161an Bani\u0107<br \/>\nProduc\u0103tor: Jo\u017eica \u0160mid<br \/>\nDistribu\u021bie: Stasa Popovic, Benjamin Krenetic<\/p>\n<p>Sinopsis: O floare de kalanchoe este martor\u0103 t\u0103cut\u0103 a sui\u0219urilor \u0219i cobor\u00e2\u0219urilor iubirii dintre Lora \u0219i Bor.<\/p>\n<\/div><\/div><div class=\"w-separator size_small with_line width_50 thick_2 style_dotted color_text align_center\"><div class=\"w-separator-h\"><\/div><\/div><\/div><\/div><\/div><\/div><\/div><\/section><section class=\"l-section wpb_row height_auto\"><div class=\"l-section-h i-cf\"><div class=\"g-cols vc_row via_flex valign_top type_default stacking_default\"><div class=\"vc_col-sm-4 wpb_column vc_column_container\"><div class=\"vc_column-inner\"><div class=\"wpb_wrapper\"><h5 class=\"w-text icon_atleft\"><span class=\"w-text-h\"><i class=\"fas fa-clock\"><\/i><span class=\"w-text-value\">Ora: 04:25 PM<\/span><\/span><\/h5><div class=\"w-image align_none\"><a ref=\"magnificPopup\" href=\"https:\/\/www.cinemaiubit.ro\/wp-content\/uploads\/2025\/12\/Weirdfish_web.jpg\" aria-label=\"Weirdfish_web\" class=\"w-image-h\"><img decoding=\"async\" width=\"1024\" height=\"631\" src=\"https:\/\/www.cinemaiubit.ro\/wp-content\/uploads\/2025\/12\/Weirdfish_web-1024x631.jpg\" class=\"attachment-large size-large\" alt=\"\" loading=\"lazy\" srcset=\"https:\/\/www.cinemaiubit.ro\/wp-content\/uploads\/2025\/12\/Weirdfish_web-1024x631.jpg 1024w, https:\/\/www.cinemaiubit.ro\/wp-content\/uploads\/2025\/12\/Weirdfish_web-300x185.jpg 300w, https:\/\/www.cinemaiubit.ro\/wp-content\/uploads\/2025\/12\/Weirdfish_web.jpg 1654w\" sizes=\"auto, (max-width: 1024px) 100vw, 1024px\" \/><\/a><\/div><\/div><\/div><\/div><div class=\"vc_col-sm-8 wpb_column vc_column_container\"><div class=\"vc_column-inner\"><div class=\"wpb_wrapper\"><div class=\"wpb_text_column\"><div class=\"wpb_wrapper\"><h5>Weirdfish<br \/>\nFic\u021biune<br \/>\n7 min, 2025 &#8211; Romania, UNATC<\/h5>\n<p>Regizor: Andreea Matei<br \/>\nScenariu: Andreea Matei<br \/>\nImagine: Eva Cre\u021bu<br \/>\nMontaj: Tudor Constantinescu<br \/>\nSunet: Tudor Constantinescu<br \/>\nProduc\u0103tor: Andreea Matei, Eva Cre\u021bu<br \/>\nDistribu\u021bie: Nicoleta \u0218endrea, Thomas Ho\u0308fer<\/p>\n<p>Sinopsis: O t\u00e2n\u0103r\u0103 se \u00eentoarce \u00een satul copil\u0103riei sale pentru a se \u00eemp\u0103ca cu pierderea unui prieten din adolescen\u021b\u0103. Acolo descoper\u0103 c\u0103 amintirea lui e mai degrab\u0103 un sentiment fragil dec\u00e2t o imagine clar\u0103.<\/p>\n<\/div><\/div><div class=\"w-separator size_small with_line width_50 thick_2 style_dotted color_text align_center\"><div class=\"w-separator-h\"><\/div><\/div><\/div><\/div><\/div><\/div><\/div><\/section><section class=\"l-section wpb_row height_auto\"><div class=\"l-section-h i-cf\"><div class=\"g-cols vc_row via_flex valign_top type_default stacking_default\"><div class=\"vc_col-sm-4 wpb_column vc_column_container\"><div class=\"vc_column-inner\"><div class=\"wpb_wrapper\"><h5 class=\"w-text icon_atleft\"><span class=\"w-text-h\"><i class=\"fas fa-clock\"><\/i><span class=\"w-text-value\">Ora: 04:32 PM<\/span><\/span><\/h5><div class=\"w-image align_none\"><a ref=\"magnificPopup\" href=\"https:\/\/www.cinemaiubit.ro\/wp-content\/uploads\/2025\/12\/Cremeschnitte_web.jpg\" aria-label=\"Cremeschnitte_web\" class=\"w-image-h\"><img decoding=\"async\" width=\"1024\" height=\"631\" src=\"https:\/\/www.cinemaiubit.ro\/wp-content\/uploads\/2025\/12\/Cremeschnitte_web-1024x631.jpg\" class=\"attachment-large size-large\" alt=\"\" loading=\"lazy\" srcset=\"https:\/\/www.cinemaiubit.ro\/wp-content\/uploads\/2025\/12\/Cremeschnitte_web-1024x631.jpg 1024w, https:\/\/www.cinemaiubit.ro\/wp-content\/uploads\/2025\/12\/Cremeschnitte_web-300x185.jpg 300w, https:\/\/www.cinemaiubit.ro\/wp-content\/uploads\/2025\/12\/Cremeschnitte_web.jpg 1654w\" sizes=\"auto, (max-width: 1024px) 100vw, 1024px\" \/><\/a><\/div><\/div><\/div><\/div><div class=\"vc_col-sm-8 wpb_column vc_column_container\"><div class=\"vc_column-inner\"><div class=\"wpb_wrapper\"><div class=\"wpb_text_column\"><div class=\"wpb_wrapper\"><h5>Cremeschnitte<br \/>\nFic\u021biune<br \/>\n13 min, 2025 &#8211; Israel, Sam Spiegel Film and Television School<\/h5>\n<p>Regie: Yahli Maoz<br \/>\nScenariu: Yahli Maoz<br \/>\nImagine: Michael Anug<br \/>\nMontaj: Mika Friehmann<br \/>\nSunet: Dolev Raphaely<br \/>\nProduc\u0103tor: Roy Bareket<br \/>\nDistribu\u021bie: Efrat Arnon, Yonatan Ben Yaish<\/p>\n<p>Sinopsis: Vopsindu-\u0219i p\u0103rul \u00eempreun\u0103 \u00een baie, o mam\u0103 bolnav\u0103 de cancer \u0219i fiul ei \u00eencearc\u0103 s\u0103 se bucure de o activitate distractiv\u0103. Cei doi savureaz\u0103 o amintire pl\u0103cut\u0103, \u00een ciuda triste\u021bii desp\u0103r\u021birii iminente.<\/p>\n<\/div><\/div><div class=\"w-separator size_small with_line width_50 thick_2 style_dotted color_text align_center\"><div class=\"w-separator-h\"><\/div><\/div><\/div><\/div><\/div><\/div><\/div><\/section><section class=\"l-section wpb_row height_auto\"><div class=\"l-section-h i-cf\"><div class=\"g-cols vc_row via_flex valign_top type_default stacking_default\"><div class=\"vc_col-sm-4 wpb_column vc_column_container\"><div class=\"vc_column-inner\"><div class=\"wpb_wrapper\"><h5 class=\"w-text icon_atleft\"><span class=\"w-text-h\"><i class=\"fas fa-clock\"><\/i><span class=\"w-text-value\">Ora: 04:45 PM<\/span><\/span><\/h5><div class=\"w-image align_none\"><a ref=\"magnificPopup\" href=\"https:\/\/www.cinemaiubit.ro\/wp-content\/uploads\/2025\/12\/Dezradacinare_web.jpg\" aria-label=\"Dezradacinare_web\" class=\"w-image-h\"><img decoding=\"async\" width=\"1024\" height=\"631\" src=\"https:\/\/www.cinemaiubit.ro\/wp-content\/uploads\/2025\/12\/Dezradacinare_web-1024x631.jpg\" class=\"attachment-large size-large\" alt=\"\" loading=\"lazy\" srcset=\"https:\/\/www.cinemaiubit.ro\/wp-content\/uploads\/2025\/12\/Dezradacinare_web-1024x631.jpg 1024w, https:\/\/www.cinemaiubit.ro\/wp-content\/uploads\/2025\/12\/Dezradacinare_web-300x185.jpg 300w, https:\/\/www.cinemaiubit.ro\/wp-content\/uploads\/2025\/12\/Dezradacinare_web.jpg 1654w\" sizes=\"auto, (max-width: 1024px) 100vw, 1024px\" \/><\/a><\/div><\/div><\/div><\/div><div class=\"vc_col-sm-8 wpb_column vc_column_container\"><div class=\"vc_column-inner\"><div class=\"wpb_wrapper\"><div class=\"wpb_text_column\"><div class=\"wpb_wrapper\"><h5>Dezr\u0103d\u0103cinare<br \/>\nFic\u021biune<br \/>\n8 min, 2025 &#8211; Romania, UNATC<\/h5>\n<p>Regie: Patri Preda, Alina Bracaci<br \/>\nScenariu: Sa\u0219a Zare<br \/>\nImagine: Patri Preda<br \/>\nMontaj: Diana T\u00f6r\u00f6k<br \/>\nSunet: Alex S\u0103vescu<br \/>\nProduc\u0103tor: Patri Preda<br \/>\nDistribu\u021bie: Tatiana Andrei, Dana Buc\u0103taru, Ioana Alexuc<\/p>\n<p>Sinopsis: \u00cen \u00eencercarea de a reconstrui amintirea mamei sale, o t\u00e2n\u0103r\u0103 retr\u0103ie\u0219te pr\u0103pastia emo\u021bional\u0103 ce s-a c\u0103scat \u00eentre ele \u00eenc\u0103 din copil\u0103rie.<\/p>\n<\/div><\/div><div class=\"w-separator size_small with_line width_50 thick_2 style_dotted color_text align_center\"><div class=\"w-separator-h\"><\/div><\/div><\/div><\/div><\/div><\/div><\/div><\/section><section class=\"l-section wpb_row height_auto\"><div class=\"l-section-h i-cf\"><div class=\"g-cols vc_row via_flex valign_top type_default stacking_default\"><div class=\"vc_col-sm-4 wpb_column vc_column_container\"><div class=\"vc_column-inner\"><div class=\"wpb_wrapper\"><h5 class=\"w-text icon_atleft\"><span class=\"w-text-h\"><i class=\"fas fa-clock\"><\/i><span class=\"w-text-value\">Ora: 04:53 PM<\/span><\/span><\/h5><div class=\"w-image align_none\"><a ref=\"magnificPopup\" href=\"https:\/\/www.cinemaiubit.ro\/wp-content\/uploads\/2025\/12\/I-came-to-see-you-_web.jpg\" aria-label=\"I came to see you _web\" class=\"w-image-h\"><img decoding=\"async\" width=\"1024\" height=\"631\" src=\"https:\/\/www.cinemaiubit.ro\/wp-content\/uploads\/2025\/12\/I-came-to-see-you-_web-1024x631.jpg\" class=\"attachment-large size-large\" alt=\"\" loading=\"lazy\" srcset=\"https:\/\/www.cinemaiubit.ro\/wp-content\/uploads\/2025\/12\/I-came-to-see-you-_web-1024x631.jpg 1024w, https:\/\/www.cinemaiubit.ro\/wp-content\/uploads\/2025\/12\/I-came-to-see-you-_web-300x185.jpg 300w, https:\/\/www.cinemaiubit.ro\/wp-content\/uploads\/2025\/12\/I-came-to-see-you-_web.jpg 1654w\" sizes=\"auto, (max-width: 1024px) 100vw, 1024px\" \/><\/a><\/div><\/div><\/div><\/div><div class=\"vc_col-sm-8 wpb_column vc_column_container\"><div class=\"vc_column-inner\"><div class=\"wpb_wrapper\"><div class=\"wpb_text_column\"><div class=\"wpb_wrapper\"><h5>Je suis venue te voir<br \/>\nFic\u021biune<br \/>\n15 min, 2025 &#8211; Fran\u021ba, La Femis<\/h5>\n<p>Regie: Julius Lagoutte Larsen<br \/>\nScenariu: Pauline Latanska, Julius Lagoutte Larsen<br \/>\nImagine: Victoria Liotier<br \/>\nMontaj: Luiza Castagna<br \/>\nSunet: Paul Baudoin<br \/>\nProduc\u0103tor: Paul Zajdela, Louis Bernuau<br \/>\nDistribu\u021bie: B\u00e1rbara Luz, Als\u00e9ni Bathily<\/p>\n<p>Sinopsis: Sofia c\u0103l\u0103tore\u0219te la Paris pentru a-l vizita pe Oscar, iubitul ei. \u00cen ciuda apropierii fizice, distan\u021ba dintre ei devine evident\u0103 cu fiecare gest.<\/p>\n<\/div><\/div><div class=\"w-separator size_small with_line width_50 thick_2 style_dotted color_text align_center\"><div class=\"w-separator-h\"><\/div><\/div><\/div><\/div><\/div><\/div><\/div><\/section><section class=\"l-section wpb_row height_auto\"><div class=\"l-section-h i-cf\"><div class=\"g-cols vc_row via_flex valign_top type_default stacking_default\"><div class=\"vc_col-sm-4 wpb_column vc_column_container\"><div class=\"vc_column-inner\"><div class=\"wpb_wrapper\"><h5 class=\"w-text icon_atleft\"><span class=\"w-text-h\"><i class=\"fas fa-clock\"><\/i><span class=\"w-text-value\">Ora: 05:08 PM<\/span><\/span><\/h5><div class=\"w-image align_none\"><a ref=\"magnificPopup\" href=\"https:\/\/www.cinemaiubit.ro\/wp-content\/uploads\/2025\/12\/True-Blue_web.jpg\" aria-label=\"True Blue_web\" class=\"w-image-h\"><img decoding=\"async\" width=\"1024\" height=\"631\" src=\"https:\/\/www.cinemaiubit.ro\/wp-content\/uploads\/2025\/12\/True-Blue_web-1024x631.jpg\" class=\"attachment-large size-large\" alt=\"\" loading=\"lazy\" srcset=\"https:\/\/www.cinemaiubit.ro\/wp-content\/uploads\/2025\/12\/True-Blue_web-1024x631.jpg 1024w, https:\/\/www.cinemaiubit.ro\/wp-content\/uploads\/2025\/12\/True-Blue_web-300x185.jpg 300w, https:\/\/www.cinemaiubit.ro\/wp-content\/uploads\/2025\/12\/True-Blue_web.jpg 1654w\" sizes=\"auto, (max-width: 1024px) 100vw, 1024px\" \/><\/a><\/div><\/div><\/div><\/div><div class=\"vc_col-sm-8 wpb_column vc_column_container\"><div class=\"vc_column-inner\"><div class=\"wpb_wrapper\"><div class=\"wpb_text_column\"><div class=\"wpb_wrapper\"><h5>True Blue<br \/>\nFic\u021biune<br \/>\n14 min, 2024 &#8211; Grecia, Aristotle University<\/h5>\n<p>Regie: Stratos Kouvelas<br \/>\nScenariu: Stratos Kouvelas<br \/>\nImagine: Nikos Voulgaris<br \/>\nMontaj: Stratos Kouvelas<br \/>\nSunet: Alkimos Mavridis<br \/>\nProduc\u0103tor: Giorgos Tziampiris<br \/>\nDistribu\u021bie: Haris Fragoulis, Antigoni Fryda<\/p>\n<p>Sinopsis: Stamatis nu poate trece peste desp\u0103r\u021birea de Katerina \u0219i se \u00eencuie \u00een\u0103untru. P\u00e2n\u0103 \u00eentr-o noapte, c\u00e2nd Katerina apare cu un singur scop, \u0219i numai unul: s\u0103-l scoat\u0103 afar\u0103 din cas\u0103.<\/p>\n<\/div><\/div><div class=\"w-separator size_small with_line width_50 thick_2 style_dotted color_text align_center\"><div class=\"w-separator-h\"><\/div><\/div><\/div><\/div><\/div><\/div><\/div><\/section><section class=\"l-section wpb_row height_auto\"><div class=\"l-section-h i-cf\"><div class=\"g-cols vc_row via_flex valign_top type_default stacking_default\"><div class=\"vc_col-sm-4 wpb_column vc_column_container\"><div class=\"vc_column-inner\"><div class=\"wpb_wrapper\"><h5 class=\"w-text icon_atleft\"><span class=\"w-text-h\"><i class=\"fas fa-clock\"><\/i><span class=\"w-text-value\">Ora: 05:22 PM<\/span><\/span><\/h5><div class=\"w-image align_none\"><a ref=\"magnificPopup\" href=\"https:\/\/www.cinemaiubit.ro\/wp-content\/uploads\/2025\/12\/Interviu_web.jpg\" aria-label=\"Interviu_web\" class=\"w-image-h\"><img decoding=\"async\" width=\"1024\" height=\"631\" src=\"https:\/\/www.cinemaiubit.ro\/wp-content\/uploads\/2025\/12\/Interviu_web-1024x631.jpg\" class=\"attachment-large size-large\" alt=\"\" loading=\"lazy\" srcset=\"https:\/\/www.cinemaiubit.ro\/wp-content\/uploads\/2025\/12\/Interviu_web-1024x631.jpg 1024w, https:\/\/www.cinemaiubit.ro\/wp-content\/uploads\/2025\/12\/Interviu_web-300x185.jpg 300w, https:\/\/www.cinemaiubit.ro\/wp-content\/uploads\/2025\/12\/Interviu_web.jpg 1654w\" sizes=\"auto, (max-width: 1024px) 100vw, 1024px\" \/><\/a><\/div><\/div><\/div><\/div><div class=\"vc_col-sm-8 wpb_column vc_column_container\"><div class=\"vc_column-inner\"><div class=\"wpb_wrapper\"><div class=\"wpb_text_column\"><div class=\"wpb_wrapper\"><h5>Interviu<br \/>\nFic\u021biune<br \/>\n6 min, 2024 &#8211; Romania, UNATC<\/h5>\n<p>Regie: Andreea \u0218tef\u0103nescu, Iris Re\u0219it<br \/>\nScenariu: Andreea \u0218tef\u0103nescu<br \/>\nImagine: Andreea \u0218tef\u0103nescu<br \/>\nMontaj: \u0218tefan Chi\u0219caru<br \/>\nSunet: \u0218tefan Chi\u0219caru<br \/>\nProduc\u0103tor: Andreea \u0218tef\u0103nescu<br \/>\nDistribu\u021bie: Andrei Br\u0103dean<\/p>\n<p>Sinopsis: Ajuns \u00eentr-o gar\u0103 pustie, Tom intr\u0103 \u00een toaleta public\u0103 pentru a se b\u0103rbieri, dar locul, g\u00e2ndurile \u0219i inten\u021biile lui devin tot mai ciudate. Un omagiu adus scurtmetrajului lui Martin Scorsese, The Big Shave.<\/p>\n<\/div><\/div><div class=\"w-separator size_small with_line width_50 thick_2 style_dotted color_text align_center\"><div class=\"w-separator-h\"><\/div><\/div><\/div><\/div><\/div><\/div><\/div><\/section>\n","protected":false},"excerpt":{"rendered":"FIC\u021aIUNE 6 12 decembrie 2025 SALA CINEMA UNATC \u2013 04.00 PM \u2013 06.00 PM Ora: 04:00 PMCvetenje Fic\u021biune 25 min, 2024 &#8211; Slovenia, AGRFT Regie: Lara \u0160ifrer Scenariu: Lara \u0160ifrer Imagine: Ne\u017ea Jankovi\u010d Montaj: Urban Mihevc Sunet: Du\u0161an Bani\u0107 Produc\u0103tor: Jo\u017eica \u0160mid Distribu\u021bie: Stasa Popovic, Benjamin Krenetic Sinopsis: O floare de kalanchoe este martor\u0103 t\u0103cut\u0103...","protected":false},"author":1,"featured_media":0,"parent":38,"menu_order":0,"comment_status":"closed","ping_status":"closed","template":"","meta":{"footnotes":""},"class_list":["post-1137","page","type-page","status-publish","hentry"],"_links":{"self":[{"href":"https:\/\/www.cinemaiubit.ro\/ro\/wp-json\/wp\/v2\/pages\/1137","targetHints":{"allow":["GET"]}}],"collection":[{"href":"https:\/\/www.cinemaiubit.ro\/ro\/wp-json\/wp\/v2\/pages"}],"about":[{"href":"https:\/\/www.cinemaiubit.ro\/ro\/wp-json\/wp\/v2\/types\/page"}],"author":[{"embeddable":true,"href":"https:\/\/www.cinemaiubit.ro\/ro\/wp-json\/wp\/v2\/users\/1"}],"replies":[{"embeddable":true,"href":"https:\/\/www.cinemaiubit.ro\/ro\/wp-json\/wp\/v2\/comments?post=1137"}],"version-history":[{"count":4,"href":"https:\/\/www.cinemaiubit.ro\/ro\/wp-json\/wp\/v2\/pages\/1137\/revisions"}],"predecessor-version":[{"id":1174,"href":"https:\/\/www.cinemaiubit.ro\/ro\/wp-json\/wp\/v2\/pages\/1137\/revisions\/1174"}],"up":[{"embeddable":true,"href":"https:\/\/www.cinemaiubit.ro\/ro\/wp-json\/wp\/v2\/pages\/38"}],"wp:attachment":[{"href":"https:\/\/www.cinemaiubit.ro\/ro\/wp-json\/wp\/v2\/media?parent=1137"}],"curies":[{"name":"wp","href":"https:\/\/api.w.org\/{rel}","templated":true}]}}