{"id":1091,"date":"2025-11-27T02:58:04","date_gmt":"2025-11-27T02:58:04","guid":{"rendered":"https:\/\/www.cinemaiubit.ro\/programul-festivalului\/fictiune-1\/"},"modified":"2025-12-04T17:15:37","modified_gmt":"2025-12-04T17:15:37","slug":"fictiune-1","status":"publish","type":"page","link":"https:\/\/www.cinemaiubit.ro\/ro\/programul-festivalului\/fictiune-1\/","title":{"rendered":"FIC\u021aIUNE 1"},"content":{"rendered":"<section class=\"l-section wpb_row height_small\"><div class=\"l-section-h i-cf\"><div class=\"g-cols vc_row via_flex valign_top type_default stacking_default\"><div class=\"vc_col-sm-12 wpb_column vc_column_container\"><div class=\"vc_column-inner\"><div class=\"wpb_wrapper\"><div class=\"wpb_text_column\"><div class=\"wpb_wrapper\"><h2 style=\"text-align: center;\">FIC\u021aIUNE 1<\/h2>\n<p style=\"text-align: center;\"><strong>9 decembrie 2025<\/strong><br \/>\n<strong>SALA CINEMA UNATC \u2013 07.00 PM \u2013 09.00 PM<\/strong><\/p>\n<\/div><\/div><\/div><\/div><\/div><\/div><\/div><\/section><section class=\"l-section wpb_row height_auto\"><div class=\"l-section-h i-cf\"><div class=\"g-cols vc_row via_flex valign_top type_default stacking_default\"><div class=\"vc_col-sm-4 wpb_column vc_column_container\"><div class=\"vc_column-inner\"><div class=\"wpb_wrapper\"><h5 class=\"w-text icon_atleft\"><span class=\"w-text-h\"><i class=\"fas fa-clock\"><\/i><span class=\"w-text-value\">Ora: 07:00 PM<\/span><\/span><\/h5><div class=\"w-image align_none\"><a ref=\"magnificPopup\" href=\"https:\/\/www.cinemaiubit.ro\/wp-content\/uploads\/2025\/11\/Fursecuri-si-lapte_web.jpg\" aria-label=\"Fursecuri si lapte_web\" class=\"w-image-h\"><img decoding=\"async\" width=\"1024\" height=\"631\" src=\"https:\/\/www.cinemaiubit.ro\/wp-content\/uploads\/2025\/11\/Fursecuri-si-lapte_web-1024x631.jpg\" class=\"attachment-large size-large\" alt=\"\" loading=\"lazy\" srcset=\"https:\/\/www.cinemaiubit.ro\/wp-content\/uploads\/2025\/11\/Fursecuri-si-lapte_web-1024x631.jpg 1024w, https:\/\/www.cinemaiubit.ro\/wp-content\/uploads\/2025\/11\/Fursecuri-si-lapte_web-300x185.jpg 300w, https:\/\/www.cinemaiubit.ro\/wp-content\/uploads\/2025\/11\/Fursecuri-si-lapte_web.jpg 1654w\" sizes=\"auto, (max-width: 1024px) 100vw, 1024px\" \/><\/a><\/div><\/div><\/div><\/div><div class=\"vc_col-sm-8 wpb_column vc_column_container\"><div class=\"vc_column-inner\"><div class=\"wpb_wrapper\"><div class=\"wpb_text_column\"><div class=\"wpb_wrapper\"><h5><strong>Fursecuri si lapte<\/strong><br \/>\nFic\u021biune<br \/>\n21 min, 2025 &#8211; Romania, UNATC<\/h5>\n<p>Regie: Andrei Tache-Codreanu<br \/>\nScenariu: Andrei Tache-Codreanu &amp; Denis Bud\u0103i<br \/>\nImagine: Barbu Ni\u021belea<br \/>\nMontaj: Alexandra Diaconu<br \/>\nSunet: Matei Vasilache<br \/>\nProduc\u0103tor: Denis Bud\u0103i &amp; Andrei Tache-Codreanu<br \/>\nDistribu\u021bie: Doru Bem, Anca Florescu, Rare\u0219 Prisacariu, Liviu Chi\u021bu<\/p>\n<p>Sinopsis : \u00cen Ajunul Cr\u0103ciunului, Sebi g\u0103se\u0219te un mesaj pe telefonul tat\u0103lui s\u0103u \u0219i \u00eel cite\u0219te cu voce tare.<\/p>\n<\/div><\/div><div class=\"w-separator size_small with_line width_50 thick_2 style_dotted color_text align_center\"><div class=\"w-separator-h\"><\/div><\/div><\/div><\/div><\/div><\/div><\/div><\/section><section class=\"l-section wpb_row height_auto\"><div class=\"l-section-h i-cf\"><div class=\"g-cols vc_row via_flex valign_top type_default stacking_default\"><div class=\"vc_col-sm-4 wpb_column vc_column_container\"><div class=\"vc_column-inner\"><div class=\"wpb_wrapper\"><h5 class=\"w-text icon_atleft\"><span class=\"w-text-h\"><i class=\"fas fa-clock\"><\/i><span class=\"w-text-value\">Ora: 07:21 PM<\/span><\/span><\/h5><div class=\"w-image align_none\"><a ref=\"magnificPopup\" href=\"https:\/\/www.cinemaiubit.ro\/wp-content\/uploads\/2025\/11\/Canary-Girls_web.jpg\" aria-label=\"Canary Girls_web\" class=\"w-image-h\"><img decoding=\"async\" width=\"1024\" height=\"631\" src=\"https:\/\/www.cinemaiubit.ro\/wp-content\/uploads\/2025\/11\/Canary-Girls_web-1024x631.jpg\" class=\"attachment-large size-large\" alt=\"\" loading=\"lazy\" srcset=\"https:\/\/www.cinemaiubit.ro\/wp-content\/uploads\/2025\/11\/Canary-Girls_web-1024x631.jpg 1024w, https:\/\/www.cinemaiubit.ro\/wp-content\/uploads\/2025\/11\/Canary-Girls_web-300x185.jpg 300w, https:\/\/www.cinemaiubit.ro\/wp-content\/uploads\/2025\/11\/Canary-Girls_web.jpg 1654w\" sizes=\"auto, (max-width: 1024px) 100vw, 1024px\" \/><\/a><\/div><\/div><\/div><\/div><div class=\"vc_col-sm-8 wpb_column vc_column_container\"><div class=\"vc_column-inner\"><div class=\"wpb_wrapper\"><div class=\"wpb_text_column\"><div class=\"wpb_wrapper\"><h5><strong>Canary Girls<\/strong><br \/>\nFic\u021biune<br \/>\n8 min, 2025 &#8211; Marea Britanie, UWE<\/h5>\n<p>Regie: Lily Marsland<br \/>\nScenariu: Lily Marsland<br \/>\nImagine: Benjamin Pritchard<br \/>\nMontaj: Angel Hannaway<br \/>\nSunet: Eva Ballhatchet, Mark Muszynski<br \/>\nProduc\u0103tor: Alexandra Badea<br \/>\nDistribu\u021bie: Fern Rees, Bella Jacobson, Myrt\u00f3 Katsoulidou<\/p>\n<p>Sinopsis : \u00cen 1918, spre finalul r\u0103zboiului, trei tinere, angajate ale unei fabrici britanice de armament, \u00ee\u0219i g\u0103sesc bucuria \u00een fotbal. La ultimul meci, pasiunea lor se izbe\u0219te de interdic\u021biile la care este supus fotbalul feminin.<\/p>\n<\/div><\/div><div class=\"w-separator size_small with_line width_50 thick_2 style_dotted color_text align_center\"><div class=\"w-separator-h\"><\/div><\/div><\/div><\/div><\/div><\/div><\/div><\/section><section class=\"l-section wpb_row height_auto\"><div class=\"l-section-h i-cf\"><div class=\"g-cols vc_row via_flex valign_top type_default stacking_default\"><div class=\"vc_col-sm-4 wpb_column vc_column_container\"><div class=\"vc_column-inner\"><div class=\"wpb_wrapper\"><h5 class=\"w-text icon_atleft\"><span class=\"w-text-h\"><i class=\"fas fa-clock\"><\/i><span class=\"w-text-value\">Ora: 07:29 PM<\/span><\/span><\/h5><div class=\"w-image align_none\"><a ref=\"magnificPopup\" href=\"https:\/\/www.cinemaiubit.ro\/wp-content\/uploads\/2025\/11\/The-Witness_web.jpg\" aria-label=\"The Witness_web\" class=\"w-image-h\"><img decoding=\"async\" width=\"1024\" height=\"631\" src=\"https:\/\/www.cinemaiubit.ro\/wp-content\/uploads\/2025\/11\/The-Witness_web-1024x631.jpg\" class=\"attachment-large size-large\" alt=\"\" loading=\"lazy\" srcset=\"https:\/\/www.cinemaiubit.ro\/wp-content\/uploads\/2025\/11\/The-Witness_web-1024x631.jpg 1024w, https:\/\/www.cinemaiubit.ro\/wp-content\/uploads\/2025\/11\/The-Witness_web-300x185.jpg 300w, https:\/\/www.cinemaiubit.ro\/wp-content\/uploads\/2025\/11\/The-Witness_web.jpg 1654w\" sizes=\"auto, (max-width: 1024px) 100vw, 1024px\" \/><\/a><\/div><\/div><\/div><\/div><div class=\"vc_col-sm-8 wpb_column vc_column_container\"><div class=\"vc_column-inner\"><div class=\"wpb_wrapper\"><div class=\"wpb_text_column\"><div class=\"wpb_wrapper\"><h5>Haed<br \/>\nFic\u021biune<br \/>\n14\u2019, 2025 &#8211; Israel, Sam Spiegel Film and Television School<\/h5>\n<p>Regie: Yehuda Bogomlny<br \/>\nScenariu: Yehuda Bogomlny<br \/>\nImagine: Miky Wajnerman<br \/>\nMontaj: Yehuda Bogomlny<br \/>\nSunet: Dolev Refaeli, DB studios<br \/>\nProduc\u0103tor: Roy Bareket and Shiri Furst<br \/>\nDistribu\u021bie: Itamar Peres, Daria Gilat Brenner<\/p>\n<p>Sinopsis : Yair se \u00eentoarce acas\u0103 dup\u0103 serviciul militar din Cisiordania. O invit\u0103 pe Yaara \u00een casa familiei sale burgheze din Ierusalim. C\u00e2nt\u0103 la pian \u0219i deschid o sticl\u0103 de vin. Ceea ce pare s\u0103 \u00eenceap\u0103 ca un weekend lini\u0219tit \u00eempreun\u0103 este \u00eentrerupt de o poveste despre o familie inocent\u0103 \u00een a c\u0103rei cas\u0103 Yair a efectuat un raid \u00een seara precedent\u0103.<\/p>\n<\/div><\/div><div class=\"w-separator size_small with_line width_50 thick_2 style_dotted color_text align_center\"><div class=\"w-separator-h\"><\/div><\/div><\/div><\/div><\/div><\/div><\/div><\/section><section class=\"l-section wpb_row height_auto\"><div class=\"l-section-h i-cf\"><div class=\"g-cols vc_row via_flex valign_top type_default stacking_default\"><div class=\"vc_col-sm-4 wpb_column vc_column_container\"><div class=\"vc_column-inner\"><div class=\"wpb_wrapper\"><h5 class=\"w-text icon_atleft\"><span class=\"w-text-h\"><i class=\"fas fa-clock\"><\/i><span class=\"w-text-value\">Ora: 07:43 PM<\/span><\/span><\/h5><div class=\"w-image align_none\"><a ref=\"magnificPopup\" href=\"https:\/\/www.cinemaiubit.ro\/wp-content\/uploads\/2025\/11\/Eleni.Kalimera_web.jpg\" aria-label=\"Eleni.Kalimera_web\" class=\"w-image-h\"><img decoding=\"async\" width=\"1024\" height=\"631\" src=\"https:\/\/www.cinemaiubit.ro\/wp-content\/uploads\/2025\/11\/Eleni.Kalimera_web-1024x631.jpg\" class=\"attachment-large size-large\" alt=\"\" loading=\"lazy\" srcset=\"https:\/\/www.cinemaiubit.ro\/wp-content\/uploads\/2025\/11\/Eleni.Kalimera_web-1024x631.jpg 1024w, https:\/\/www.cinemaiubit.ro\/wp-content\/uploads\/2025\/11\/Eleni.Kalimera_web-300x185.jpg 300w, https:\/\/www.cinemaiubit.ro\/wp-content\/uploads\/2025\/11\/Eleni.Kalimera_web.jpg 1654w\" sizes=\"auto, (max-width: 1024px) 100vw, 1024px\" \/><\/a><\/div><\/div><\/div><\/div><div class=\"vc_col-sm-8 wpb_column vc_column_container\"><div class=\"vc_column-inner\"><div class=\"wpb_wrapper\"><div class=\"wpb_text_column\"><div class=\"wpb_wrapper\"><h5>Eleni.Kalimera<br \/>\nFic\u021biune<br \/>\n15\u2019, 2025 &#8211; Romania, UBB<\/h5>\n<p>Regie: Matei Filip<br \/>\nScenariu: Matei Filip<br \/>\nImagine: Mircea Dr\u0103goi<br \/>\nMontaj: Maria T\u0103ma\u0219<br \/>\nSunet: Maria T\u0103ma\u0219<br \/>\nProduc\u0103tor: Espe Broina<br \/>\nDistribu\u021bie: Eszter Tompa, Daniel Iftene<\/p>\n<p>Sinopsis : Prin intermediul TikTok, Elena \u00eemp\u0103rt\u0103\u0219e\u0219te luptele ei zilnice \u0219i provoc\u0103rile familiei sale.<\/p>\n<\/div><\/div><div class=\"w-separator size_small with_line width_50 thick_2 style_dotted color_text align_center\"><div class=\"w-separator-h\"><\/div><\/div><\/div><\/div><\/div><\/div><\/div><\/section><section class=\"l-section wpb_row height_auto\"><div class=\"l-section-h i-cf\"><div class=\"g-cols vc_row via_flex valign_top type_default stacking_default\"><div class=\"vc_col-sm-4 wpb_column vc_column_container\"><div class=\"vc_column-inner\"><div class=\"wpb_wrapper\"><h5 class=\"w-text icon_atleft\"><span class=\"w-text-h\"><i class=\"fas fa-clock\"><\/i><span class=\"w-text-value\">Ora: 07:58 PM<\/span><\/span><\/h5><div class=\"w-image align_none\"><a ref=\"magnificPopup\" href=\"https:\/\/www.cinemaiubit.ro\/wp-content\/uploads\/2025\/11\/Inkubus_web.jpg\" aria-label=\"Inkubus_web\" class=\"w-image-h\"><img decoding=\"async\" width=\"1024\" height=\"631\" src=\"https:\/\/www.cinemaiubit.ro\/wp-content\/uploads\/2025\/11\/Inkubus_web-1024x631.jpg\" class=\"attachment-large size-large\" alt=\"\" loading=\"lazy\" srcset=\"https:\/\/www.cinemaiubit.ro\/wp-content\/uploads\/2025\/11\/Inkubus_web-1024x631.jpg 1024w, https:\/\/www.cinemaiubit.ro\/wp-content\/uploads\/2025\/11\/Inkubus_web-300x185.jpg 300w, https:\/\/www.cinemaiubit.ro\/wp-content\/uploads\/2025\/11\/Inkubus_web.jpg 1654w\" sizes=\"auto, (max-width: 1024px) 100vw, 1024px\" \/><\/a><\/div><\/div><\/div><\/div><div class=\"vc_col-sm-8 wpb_column vc_column_container\"><div class=\"vc_column-inner\"><div class=\"wpb_wrapper\"><div class=\"wpb_text_column\"><div class=\"wpb_wrapper\"><h5>Inkubus<br \/>\nFic\u021biune<br \/>\n28\u2019, 2025 &#8211; Germania, HMS<\/h5>\n<p>Regie: Reza Sam Mosadegh<br \/>\nScenariu: Ronja Lauderbach<br \/>\nImagine: Luca Louis Hain<br \/>\nMontaj: Jay Moss<br \/>\nSunet: Sven Wessel<br \/>\nProduc\u0103tor: Charlotte Neuwirth<br \/>\nDistribu\u021bie: Luise von Finckh, Nell Marie Haack, Sammy Scheuritzel<\/p>\n<p>Sinopsis : Familia lui Hildegard este urm\u0103rit\u0103 de Inchizi\u021bie, iar ea trebuie s\u0103 se opun\u0103 violen\u021bei patriarhale din secolul al XVII-lea &#8211; pentru a \u00ee\u0219i salva fiica vitreg\u0103 \u0219i, \u00een cele din urm\u0103, pentru a se salva pe sine.<\/p>\n<\/div><\/div><div class=\"w-separator size_small with_line width_50 thick_2 style_dotted color_text align_center\"><div class=\"w-separator-h\"><\/div><\/div><\/div><\/div><\/div><\/div><\/div><\/section><section class=\"l-section wpb_row height_auto\"><div class=\"l-section-h i-cf\"><div class=\"g-cols vc_row via_flex valign_top type_default stacking_default\"><div class=\"vc_col-sm-4 wpb_column vc_column_container\"><div class=\"vc_column-inner\"><div class=\"wpb_wrapper\"><h5 class=\"w-text icon_atleft\"><span class=\"w-text-h\"><i class=\"fas fa-clock\"><\/i><span class=\"w-text-value\">Ora: 08:26 PM<\/span><\/span><\/h5><div class=\"w-image align_none\"><a ref=\"magnificPopup\" href=\"https:\/\/www.cinemaiubit.ro\/wp-content\/uploads\/2025\/11\/Cum-am-invatat-sa-nu-ma-omor_web.jpg\" aria-label=\"Cum am invatat sa nu ma omor_web\" class=\"w-image-h\"><img decoding=\"async\" width=\"1024\" height=\"631\" src=\"https:\/\/www.cinemaiubit.ro\/wp-content\/uploads\/2025\/11\/Cum-am-invatat-sa-nu-ma-omor_web-1024x631.jpg\" class=\"attachment-large size-large\" alt=\"\" loading=\"lazy\" srcset=\"https:\/\/www.cinemaiubit.ro\/wp-content\/uploads\/2025\/11\/Cum-am-invatat-sa-nu-ma-omor_web-1024x631.jpg 1024w, https:\/\/www.cinemaiubit.ro\/wp-content\/uploads\/2025\/11\/Cum-am-invatat-sa-nu-ma-omor_web-300x185.jpg 300w, https:\/\/www.cinemaiubit.ro\/wp-content\/uploads\/2025\/11\/Cum-am-invatat-sa-nu-ma-omor_web.jpg 1654w\" sizes=\"auto, (max-width: 1024px) 100vw, 1024px\" \/><\/a><\/div><\/div><\/div><\/div><div class=\"vc_col-sm-8 wpb_column vc_column_container\"><div class=\"vc_column-inner\"><div class=\"wpb_wrapper\"><div class=\"wpb_text_column\"><div class=\"wpb_wrapper\"><h5>Cum am \u00eenv\u0103\u021bat s\u0103 nu m\u0103 omor<br \/>\nFic\u021biune<br \/>\n20\u2019, 2025 &#8211; Romania, UNATC<\/h5>\n<p>Regie: Norbert Boda<br \/>\nScenariu: Norbert Boda<br \/>\nImagine: Lauren\u021biu Manolescu<br \/>\nMontaj: Emanuel Pascal<br \/>\nSunet: Emanuel Pascal<br \/>\nProduc\u0103tor: Costin S\u0103r\u0103\u021beanu, Lauren\u021biu Manolescu, Norbert Boda<br \/>\nDistribu\u021bie: Corina Ciontu, \u0218erban Ghilvaci, Teona Stavarachi, Alexandru Chindri\u0219, Irina Sibef, Ioana Cojoc\u0103rescu, Dan Pughineanu, George Olar<\/p>\n<p>Sinopsis : Ofelia tot am\u00e2n\u0103 s\u0103 \u00ee\u0219i pun\u0103 cap\u0103t zilelor, dar c\u00e2nd tat\u0103l ei moare, un b\u0103rbat ciudat \u00eei intr\u0103 \u00een via\u021b\u0103 \u0219i se ofer\u0103 s\u0103 o ajute s\u0103 duc\u0103 planul la bun sf\u00e2r\u0219it.<\/p>\n<\/div><\/div><div class=\"w-separator size_small with_line width_50 thick_2 style_dotted color_text align_center\"><div class=\"w-separator-h\"><\/div><\/div><\/div><\/div><\/div><\/div><\/div><\/section>\n","protected":false},"excerpt":{"rendered":"FIC\u021aIUNE 1 9 decembrie 2025 SALA CINEMA UNATC \u2013 07.00 PM \u2013 09.00 PM Ora: 07:00 PMFursecuri si lapte Fic\u021biune 21 min, 2025 &#8211; Romania, UNATC Regie: Andrei Tache-Codreanu Scenariu: Andrei Tache-Codreanu &amp; Denis Bud\u0103i Imagine: Barbu Ni\u021belea Montaj: Alexandra Diaconu Sunet: Matei Vasilache Produc\u0103tor: Denis Bud\u0103i &amp; Andrei Tache-Codreanu Distribu\u021bie: Doru Bem, Anca Florescu,...","protected":false},"author":1,"featured_media":0,"parent":38,"menu_order":0,"comment_status":"closed","ping_status":"closed","template":"","meta":{"footnotes":""},"class_list":["post-1091","page","type-page","status-publish","hentry"],"_links":{"self":[{"href":"https:\/\/www.cinemaiubit.ro\/ro\/wp-json\/wp\/v2\/pages\/1091","targetHints":{"allow":["GET"]}}],"collection":[{"href":"https:\/\/www.cinemaiubit.ro\/ro\/wp-json\/wp\/v2\/pages"}],"about":[{"href":"https:\/\/www.cinemaiubit.ro\/ro\/wp-json\/wp\/v2\/types\/page"}],"author":[{"embeddable":true,"href":"https:\/\/www.cinemaiubit.ro\/ro\/wp-json\/wp\/v2\/users\/1"}],"replies":[{"embeddable":true,"href":"https:\/\/www.cinemaiubit.ro\/ro\/wp-json\/wp\/v2\/comments?post=1091"}],"version-history":[{"count":2,"href":"https:\/\/www.cinemaiubit.ro\/ro\/wp-json\/wp\/v2\/pages\/1091\/revisions"}],"predecessor-version":[{"id":1099,"href":"https:\/\/www.cinemaiubit.ro\/ro\/wp-json\/wp\/v2\/pages\/1091\/revisions\/1099"}],"up":[{"embeddable":true,"href":"https:\/\/www.cinemaiubit.ro\/ro\/wp-json\/wp\/v2\/pages\/38"}],"wp:attachment":[{"href":"https:\/\/www.cinemaiubit.ro\/ro\/wp-json\/wp\/v2\/media?parent=1091"}],"curies":[{"name":"wp","href":"https:\/\/api.w.org\/{rel}","templated":true}]}}