{"id":1023,"date":"2025-12-02T19:16:55","date_gmt":"2025-12-02T19:16:55","guid":{"rendered":"https:\/\/www.cinemaiubit.ro\/programul-festivalului\/documentar-2\/"},"modified":"2025-12-04T15:38:14","modified_gmt":"2025-12-04T15:38:14","slug":"documentar-2","status":"publish","type":"page","link":"https:\/\/www.cinemaiubit.ro\/ro\/programul-festivalului\/documentar-2\/","title":{"rendered":"DOCUMENTAR 2"},"content":{"rendered":"<section class=\"l-section wpb_row height_small\"><div class=\"l-section-h i-cf\"><div class=\"g-cols vc_row via_flex valign_top type_default stacking_default\"><div class=\"vc_col-sm-12 wpb_column vc_column_container\"><div class=\"vc_column-inner\"><div class=\"wpb_wrapper\"><div class=\"wpb_text_column\"><div class=\"wpb_wrapper\"><h2 style=\"text-align: center;\">DOCUMENTAR 2<\/h2>\n<p style=\"text-align: center;\"><strong>11 decembrie 2025<\/strong><br \/>\n<strong>SALA CINEMA UNATC \u2013 01.00 PM \u2013 04.00 PM<\/strong><\/p>\n<\/div><\/div><\/div><\/div><\/div><\/div><\/div><\/section><section class=\"l-section wpb_row height_auto\"><div class=\"l-section-h i-cf\"><div class=\"g-cols vc_row via_flex valign_top type_default stacking_default\"><div class=\"vc_col-sm-4 wpb_column vc_column_container\"><div class=\"vc_column-inner\"><div class=\"wpb_wrapper\"><h5 class=\"w-text icon_atleft\"><span class=\"w-text-h\"><i class=\"fas fa-clock\"><\/i><span class=\"w-text-value\">Ora: 01:00 PM<\/span><\/span><\/h5><div class=\"w-image align_none\"><a ref=\"magnificPopup\" href=\"https:\/\/www.cinemaiubit.ro\/wp-content\/uploads\/2025\/12\/Breast-and-Bomb_web.jpg\" aria-label=\"Breast and Bomb_web\" class=\"w-image-h\"><img decoding=\"async\" width=\"1024\" height=\"631\" src=\"https:\/\/www.cinemaiubit.ro\/wp-content\/uploads\/2025\/12\/Breast-and-Bomb_web-1024x631.jpg\" class=\"attachment-large size-large\" alt=\"\" loading=\"lazy\" srcset=\"https:\/\/www.cinemaiubit.ro\/wp-content\/uploads\/2025\/12\/Breast-and-Bomb_web-1024x631.jpg 1024w, https:\/\/www.cinemaiubit.ro\/wp-content\/uploads\/2025\/12\/Breast-and-Bomb_web-300x185.jpg 300w, https:\/\/www.cinemaiubit.ro\/wp-content\/uploads\/2025\/12\/Breast-and-Bomb_web.jpg 1654w\" sizes=\"auto, (max-width: 1024px) 100vw, 1024px\" \/><\/a><\/div><\/div><\/div><\/div><div class=\"vc_col-sm-8 wpb_column vc_column_container\"><div class=\"vc_column-inner\"><div class=\"wpb_wrapper\"><div class=\"wpb_text_column\"><div class=\"wpb_wrapper\"><h5>Gjiri dhe Bomba<br \/>\nDocumentar<br \/>\n13 min, 2025 &#8211; Albania, AFMM<\/h5>\n<p>Regie: Ogerta Spahiu<br \/>\nScenariu: Ogerta Spahiu<br \/>\nImagine: Ogerta Spahiu<br \/>\nMontaj: Alket Shahini<br \/>\nProduc\u0103tor: Magali \u00c7ashku<br \/>\nDistribu\u021bie: Antonela Mema<\/p>\n<p>Sinopsis : \u201eBreast and Bomb\u201d urm\u0103re\u0219te o fat\u0103, ce poart\u0103 \u00een corpul ei o bomb\u0103 cu ceas: cancerul mamar. Singurul ei prieten este ChatGPT-ul, o voce artificial\u0103 ce nu o las\u0103 \u00een pace. \u00centr-o lume care explodeaz\u0103 la exterior, ea \u00eenva\u021b\u0103 s\u0103 tr\u0103iasc\u0103 cu explozia din interiorul ei. Un documentar despre putere, fric\u0103 \u0219i conversa\u021biile care ne men\u021bin \u00een via\u021b\u0103.<\/p>\n<\/div><\/div><div class=\"w-separator size_small with_line width_50 thick_2 style_dotted color_text align_center\"><div class=\"w-separator-h\"><\/div><\/div><\/div><\/div><\/div><\/div><\/div><\/section><section class=\"l-section wpb_row height_auto\"><div class=\"l-section-h i-cf\"><div class=\"g-cols vc_row via_flex valign_top type_default stacking_default\"><div class=\"vc_col-sm-4 wpb_column vc_column_container\"><div class=\"vc_column-inner\"><div class=\"wpb_wrapper\"><h5 class=\"w-text icon_atleft\"><span class=\"w-text-h\"><i class=\"fas fa-clock\"><\/i><span class=\"w-text-value\">Ora: 01:13 PM<\/span><\/span><\/h5><div class=\"w-image align_none\"><a ref=\"magnificPopup\" href=\"https:\/\/www.cinemaiubit.ro\/wp-content\/uploads\/2025\/12\/Marinica-baiatul-meu_web.jpg\" aria-label=\"Marinica baiatul meu_web\" class=\"w-image-h\"><img decoding=\"async\" width=\"1024\" height=\"631\" src=\"https:\/\/www.cinemaiubit.ro\/wp-content\/uploads\/2025\/12\/Marinica-baiatul-meu_web-1024x631.jpg\" class=\"attachment-large size-large\" alt=\"\" loading=\"lazy\" srcset=\"https:\/\/www.cinemaiubit.ro\/wp-content\/uploads\/2025\/12\/Marinica-baiatul-meu_web-1024x631.jpg 1024w, https:\/\/www.cinemaiubit.ro\/wp-content\/uploads\/2025\/12\/Marinica-baiatul-meu_web-300x185.jpg 300w, https:\/\/www.cinemaiubit.ro\/wp-content\/uploads\/2025\/12\/Marinica-baiatul-meu_web.jpg 1654w\" sizes=\"auto, (max-width: 1024px) 100vw, 1024px\" \/><\/a><\/div><\/div><\/div><\/div><div class=\"vc_col-sm-8 wpb_column vc_column_container\"><div class=\"vc_column-inner\"><div class=\"wpb_wrapper\"><div class=\"wpb_text_column\"><div class=\"wpb_wrapper\"><h5>Marinic\u0103, b\u0103iatul meu<br \/>\nDocumentar<br \/>\n21 min, 2025 &#8211; Romania, UNATC<\/h5>\n<p>Regie: Mihnea Toma<br \/>\nScenariu: Mihnea Toma<br \/>\nImagine: Mihnea Toma, Beatrice P\u0103un<br \/>\nMontaj: Mihai Dumitrache, Mihnea Toma<br \/>\nSunet: Mihai Dumitrache<br \/>\nProduc\u0103tor: Livia Maria S\u00eerbu<\/p>\n<p>Sinopsis : Dup\u0103 moartea dragului s\u0103u Marian, pictorul Murivale \u00eei p\u0103streaz\u0103 vie amintirea prin sute de portrete ale acestuia. Asemenea lui Leonardo da Vinci \u0219i a muzei sale Sala\u00ec, Murivale trebuie s\u0103-\u0219i \u021bin\u0103 promisiunea fa\u021b\u0103 de Marian.<\/p>\n<\/div><\/div><div class=\"w-separator size_small with_line width_50 thick_2 style_dotted color_text align_center\"><div class=\"w-separator-h\"><\/div><\/div><\/div><\/div><\/div><\/div><\/div><\/section><section class=\"l-section wpb_row height_auto\"><div class=\"l-section-h i-cf\"><div class=\"g-cols vc_row via_flex valign_top type_default stacking_default\"><div class=\"vc_col-sm-4 wpb_column vc_column_container\"><div class=\"vc_column-inner\"><div class=\"wpb_wrapper\"><h5 class=\"w-text icon_atleft\"><span class=\"w-text-h\"><i class=\"fas fa-clock\"><\/i><span class=\"w-text-value\">Ora: 01:34 PM<\/span><\/span><\/h5><div class=\"w-image align_none\"><a ref=\"magnificPopup\" href=\"https:\/\/www.cinemaiubit.ro\/wp-content\/uploads\/2025\/12\/Neverland_web.jpg\" aria-label=\"Neverland_web\" class=\"w-image-h\"><img decoding=\"async\" width=\"1024\" height=\"631\" src=\"https:\/\/www.cinemaiubit.ro\/wp-content\/uploads\/2025\/12\/Neverland_web-1024x631.jpg\" class=\"attachment-large size-large\" alt=\"\" loading=\"lazy\" srcset=\"https:\/\/www.cinemaiubit.ro\/wp-content\/uploads\/2025\/12\/Neverland_web-1024x631.jpg 1024w, https:\/\/www.cinemaiubit.ro\/wp-content\/uploads\/2025\/12\/Neverland_web-300x185.jpg 300w, https:\/\/www.cinemaiubit.ro\/wp-content\/uploads\/2025\/12\/Neverland_web.jpg 1654w\" sizes=\"auto, (max-width: 1024px) 100vw, 1024px\" \/><\/a><\/div><\/div><\/div><\/div><div class=\"vc_col-sm-8 wpb_column vc_column_container\"><div class=\"vc_column-inner\"><div class=\"wpb_wrapper\"><div class=\"wpb_text_column\"><div class=\"wpb_wrapper\"><h5>Neverland<br \/>\nDocumentar<br \/>\n18 min, 2024 &#8211; Olanda, LUCA School of Arts<\/h5>\n<p>Regie: Luuk Sieben<br \/>\nScenariu: Luuk Sieben<br \/>\nImagine: Lenny Lu<br \/>\nMontaj: Luuk Sieben<br \/>\nSunet: Francesco Masetto<br \/>\nProduc\u0103tor: Tom Monteban<br \/>\nDistribu\u021bie: Bike Life Boys<\/p>\n<p>Sinopsis : Neverland exploreaz\u0103 motocross-ul olandez ca mod de via\u021b\u0103, o subcultur\u0103 str\u00e2ns unit\u0103, alimentat\u0103 de camaraderie, asumarea riscurilor \u0219i o pasiune comun\u0103 pentru via\u021ba pe dou\u0103 ro\u021bi. Acest scurt documentar plonjeaz\u0103 \u00een aceast\u0103 lume alert\u0103, dezv\u0103luind momentele de euforie, pericolele \u0219i tabuurile sociale care o definesc.<\/p>\n<\/div><\/div><div class=\"w-separator size_small with_line width_50 thick_2 style_dotted color_text align_center\"><div class=\"w-separator-h\"><\/div><\/div><\/div><\/div><\/div><\/div><\/div><\/section><section class=\"l-section wpb_row height_auto\"><div class=\"l-section-h i-cf\"><div class=\"g-cols vc_row via_flex valign_top type_default stacking_default\"><div class=\"vc_col-sm-4 wpb_column vc_column_container\"><div class=\"vc_column-inner\"><div class=\"wpb_wrapper\"><h5 class=\"w-text icon_atleft\"><span class=\"w-text-h\"><i class=\"fas fa-clock\"><\/i><span class=\"w-text-value\">Ora: 01:54 PM<\/span><\/span><\/h5><div class=\"w-image align_none\"><a ref=\"magnificPopup\" href=\"https:\/\/www.cinemaiubit.ro\/wp-content\/uploads\/2025\/12\/Reazem_web.jpg\" aria-label=\"Reazem_web\" class=\"w-image-h\"><img decoding=\"async\" width=\"1024\" height=\"631\" src=\"https:\/\/www.cinemaiubit.ro\/wp-content\/uploads\/2025\/12\/Reazem_web-1024x631.jpg\" class=\"attachment-large size-large\" alt=\"\" loading=\"lazy\" srcset=\"https:\/\/www.cinemaiubit.ro\/wp-content\/uploads\/2025\/12\/Reazem_web-1024x631.jpg 1024w, https:\/\/www.cinemaiubit.ro\/wp-content\/uploads\/2025\/12\/Reazem_web-300x185.jpg 300w, https:\/\/www.cinemaiubit.ro\/wp-content\/uploads\/2025\/12\/Reazem_web.jpg 1654w\" sizes=\"auto, (max-width: 1024px) 100vw, 1024px\" \/><\/a><\/div><\/div><\/div><\/div><div class=\"vc_col-sm-8 wpb_column vc_column_container\"><div class=\"vc_column-inner\"><div class=\"wpb_wrapper\"><div class=\"wpb_text_column\"><div class=\"wpb_wrapper\"><h5>Reazem<br \/>\nDocumentar<br \/>\n19 min, 2024 &#8211; Romania, UNATC<\/h5>\n<p>Regie: Ioana Coca<br \/>\nScenariu: Ioana Coca<br \/>\nImagine: Ioana Coca<br \/>\nMontaj: Emilia Coman<br \/>\nSunet: Vlad Pi\u021bu<br \/>\nProduc\u0103tor: Livia S\u00eerbu<\/p>\n<p>Sinopsis : Povestea lui R\u0103zvan Nedu, t\u00e2n\u0103rul care transform\u0103 dizabilitatea \u00een putere. \u00centre antrenamente \u0219i competi\u021bii, el urc\u0103 spre v\u00e2rf la Cupa Mondial\u0103 de Paraclimbing din Salt Lake City.<\/p>\n<\/div><\/div><div class=\"w-separator size_small with_line width_50 thick_2 style_dotted color_text align_center\"><div class=\"w-separator-h\"><\/div><\/div><\/div><\/div><\/div><\/div><\/div><\/section><section class=\"l-section wpb_row height_auto\"><div class=\"l-section-h i-cf\"><div class=\"g-cols vc_row via_flex valign_top type_default stacking_default\"><div class=\"vc_col-sm-4 wpb_column vc_column_container\"><div class=\"vc_column-inner\"><div class=\"wpb_wrapper\"><h5 class=\"w-text icon_atleft\"><span class=\"w-text-h\"><i class=\"fas fa-clock\"><\/i><span class=\"w-text-value\">Ora: 02:13 PM<\/span><\/span><\/h5><div class=\"w-image align_none\"><a ref=\"magnificPopup\" href=\"https:\/\/www.cinemaiubit.ro\/wp-content\/uploads\/2025\/12\/Someone-Dies_web.jpg\" aria-label=\"Someone Dies_web\" class=\"w-image-h\"><img decoding=\"async\" width=\"1024\" height=\"631\" src=\"https:\/\/www.cinemaiubit.ro\/wp-content\/uploads\/2025\/12\/Someone-Dies_web-1024x631.jpg\" class=\"attachment-large size-large\" alt=\"\" loading=\"lazy\" srcset=\"https:\/\/www.cinemaiubit.ro\/wp-content\/uploads\/2025\/12\/Someone-Dies_web-1024x631.jpg 1024w, https:\/\/www.cinemaiubit.ro\/wp-content\/uploads\/2025\/12\/Someone-Dies_web-300x185.jpg 300w, https:\/\/www.cinemaiubit.ro\/wp-content\/uploads\/2025\/12\/Someone-Dies_web.jpg 1654w\" sizes=\"auto, (max-width: 1024px) 100vw, 1024px\" \/><\/a><\/div><\/div><\/div><\/div><div class=\"vc_col-sm-8 wpb_column vc_column_container\"><div class=\"vc_column-inner\"><div class=\"wpb_wrapper\"><div class=\"wpb_text_column\"><div class=\"wpb_wrapper\"><h5>Un individuo muere<br \/>\nDocumentar<br \/>\n21 min, 2025 &#8211; Spania, ECAM<\/h5>\n<p>Regie: Rom\u00e1n Nu\u00f1ez Soria, Ivan Dimitrov Alexandrov, Benjam\u00edn Alejandro Casanueva Flores, Paco Mart\u00ednez-Abarca<br \/>\nScenariu: Paco Mart\u00ednez-Abarca, Rom\u00e1n Nu\u00f1ez Soria, Ivan Dimitrov Alexandrov, Benjam\u00edn Alejandro Casanueva Flores<br \/>\nImagine: Paco Mart\u00ednez-Abarca, Ivan Dimitrov Alexandrov, Benjam\u00edn Alejandro Casanueva Flores, Rom\u00e1n Nu\u00f1ez Soria<br \/>\nMontaj: Alvaro L\u00f3pez Santandreu, Germ\u00e1n Ciria Hern\u00e1ndez<br \/>\nSunet: Mateo Montenegro<br \/>\nProduc\u0103tor: Paco Mart\u00ednez-Abarca, Rom\u00e1n Nu\u00f1ez Soria<br \/>\nDistribu\u021bie: Jorge Mochol\u00ed Hern\u00e1ndez<\/p>\n<p>Sinopsis : De\u0219i lucreaz\u0103 \u00eentr-o pepinier\u0103 frumoas\u0103, \u00eenconjurat de plante, adev\u0103rata aspira\u021bie a lui Jorge este s\u0103 devin\u0103 antreprenor de pompe funebre. Totu\u0219i, pe m\u0103sur\u0103 ce trece prin simul\u0103rile de la \u0219coala sa de \u00eemb\u0103ls\u0103mare, se \u00eentreab\u0103 dac\u0103 va putea cu adev\u0103rat s\u0103 se confrunte cu o persoan\u0103 decedat\u0103.<\/p>\n<\/div><\/div><div class=\"w-separator size_small with_line width_50 thick_2 style_dotted color_text align_center\"><div class=\"w-separator-h\"><\/div><\/div><\/div><\/div><\/div><\/div><\/div><\/section><section class=\"l-section wpb_row height_auto\"><div class=\"l-section-h i-cf\"><div class=\"g-cols vc_row via_flex valign_top type_default stacking_default\"><div class=\"vc_col-sm-4 wpb_column vc_column_container\"><div class=\"vc_column-inner\"><div class=\"wpb_wrapper\"><h5 class=\"w-text icon_atleft\"><span class=\"w-text-h\"><i class=\"fas fa-clock\"><\/i><span class=\"w-text-value\">Ora: 02:34 PM<\/span><\/span><\/h5><div class=\"w-image align_none\"><a ref=\"magnificPopup\" href=\"https:\/\/www.cinemaiubit.ro\/wp-content\/uploads\/2025\/12\/Karatista_web.jpg\" aria-label=\"Karatista_web\" class=\"w-image-h\"><img decoding=\"async\" width=\"1024\" height=\"631\" src=\"https:\/\/www.cinemaiubit.ro\/wp-content\/uploads\/2025\/12\/Karatista_web-1024x631.jpg\" class=\"attachment-large size-large\" alt=\"\" loading=\"lazy\" srcset=\"https:\/\/www.cinemaiubit.ro\/wp-content\/uploads\/2025\/12\/Karatista_web-1024x631.jpg 1024w, https:\/\/www.cinemaiubit.ro\/wp-content\/uploads\/2025\/12\/Karatista_web-300x185.jpg 300w, https:\/\/www.cinemaiubit.ro\/wp-content\/uploads\/2025\/12\/Karatista_web.jpg 1654w\" sizes=\"auto, (max-width: 1024px) 100vw, 1024px\" \/><\/a><\/div><\/div><\/div><\/div><div class=\"vc_col-sm-8 wpb_column vc_column_container\"><div class=\"vc_column-inner\"><div class=\"wpb_wrapper\"><div class=\"wpb_text_column\"><div class=\"wpb_wrapper\"><h5>Karatista<br \/>\nDocumentar<br \/>\n23 min, 2025 &#8211; Romania, UNATC<\/h5>\n<p>Regie: Alessia Borangic<br \/>\nScenariu: Alessia Borangic<br \/>\nMontaj: Elena Ion<br \/>\nSunet: Elena Ion<br \/>\nProduc\u0103tor: Alessia Borangic<\/p>\n<p>Sinopsis : Alessia \u00eencepe o discu\u021bie cu tat\u0103l ei, \u00eencerc\u00e2nd s\u0103 descopere momentul \u00een care s-a produs ruptura dintre ei, \u00eens\u0103 pe parcurs totul devine incert: amintirile se amestec\u0103 \u0219i se intersecteaz\u0103, iar nimeni nu pare s\u0103 aib\u0103 un r\u0103spuns clar.<\/p>\n<\/div><\/div><div class=\"w-separator size_small with_line width_50 thick_2 style_dotted color_text align_center\"><div class=\"w-separator-h\"><\/div><\/div><\/div><\/div><\/div><\/div><\/div><\/section>\n","protected":false},"excerpt":{"rendered":"DOCUMENTAR 2 11 decembrie 2025 SALA CINEMA UNATC \u2013 01.00 PM \u2013 04.00 PM Ora: 01:00 PMGjiri dhe Bomba Documentar 13 min, 2025 &#8211; Albania, AFMM Regie: Ogerta Spahiu Scenariu: Ogerta Spahiu Imagine: Ogerta Spahiu Montaj: Alket Shahini Produc\u0103tor: Magali \u00c7ashku Distribu\u021bie: Antonela Mema Sinopsis : \u201eBreast and Bomb\u201d urm\u0103re\u0219te o fat\u0103, ce poart\u0103 \u00een...","protected":false},"author":1,"featured_media":0,"parent":38,"menu_order":0,"comment_status":"closed","ping_status":"closed","template":"","meta":{"footnotes":""},"class_list":["post-1023","page","type-page","status-publish","hentry"],"_links":{"self":[{"href":"https:\/\/www.cinemaiubit.ro\/ro\/wp-json\/wp\/v2\/pages\/1023","targetHints":{"allow":["GET"]}}],"collection":[{"href":"https:\/\/www.cinemaiubit.ro\/ro\/wp-json\/wp\/v2\/pages"}],"about":[{"href":"https:\/\/www.cinemaiubit.ro\/ro\/wp-json\/wp\/v2\/types\/page"}],"author":[{"embeddable":true,"href":"https:\/\/www.cinemaiubit.ro\/ro\/wp-json\/wp\/v2\/users\/1"}],"replies":[{"embeddable":true,"href":"https:\/\/www.cinemaiubit.ro\/ro\/wp-json\/wp\/v2\/comments?post=1023"}],"version-history":[{"count":2,"href":"https:\/\/www.cinemaiubit.ro\/ro\/wp-json\/wp\/v2\/pages\/1023\/revisions"}],"predecessor-version":[{"id":1031,"href":"https:\/\/www.cinemaiubit.ro\/ro\/wp-json\/wp\/v2\/pages\/1023\/revisions\/1031"}],"up":[{"embeddable":true,"href":"https:\/\/www.cinemaiubit.ro\/ro\/wp-json\/wp\/v2\/pages\/38"}],"wp:attachment":[{"href":"https:\/\/www.cinemaiubit.ro\/ro\/wp-json\/wp\/v2\/media?parent=1023"}],"curies":[{"name":"wp","href":"https:\/\/api.w.org\/{rel}","templated":true}]}}