{"id":1010,"date":"2025-12-02T18:41:44","date_gmt":"2025-12-02T18:41:44","guid":{"rendered":"https:\/\/www.cinemaiubit.ro\/programul-festivalului\/documentar-1\/"},"modified":"2025-12-04T15:27:39","modified_gmt":"2025-12-04T15:27:39","slug":"documentar-1","status":"publish","type":"page","link":"https:\/\/www.cinemaiubit.ro\/ro\/programul-festivalului\/documentar-1\/","title":{"rendered":"DOCUMENTAR 1"},"content":{"rendered":"<section class=\"l-section wpb_row height_small\"><div class=\"l-section-h i-cf\"><div class=\"g-cols vc_row via_flex valign_top type_default stacking_default\"><div class=\"vc_col-sm-12 wpb_column vc_column_container\"><div class=\"vc_column-inner\"><div class=\"wpb_wrapper\"><div class=\"wpb_text_column\"><div class=\"wpb_wrapper\"><h2 style=\"text-align: center;\">DOCUMENTAR 1<\/h2>\n<p style=\"text-align: center;\"><strong>10 decembrie 2025<\/strong><br \/>\n<strong>SALA CINEMA UNATC \u2013 01.00 PM \u2013 04.00 PM<\/strong><\/p>\n<\/div><\/div><\/div><\/div><\/div><\/div><\/div><\/section><section class=\"l-section wpb_row height_auto\"><div class=\"l-section-h i-cf\"><div class=\"g-cols vc_row via_flex valign_top type_default stacking_default\"><div class=\"vc_col-sm-4 wpb_column vc_column_container\"><div class=\"vc_column-inner\"><div class=\"wpb_wrapper\"><h5 class=\"w-text icon_atleft\"><span class=\"w-text-h\"><i class=\"fas fa-clock\"><\/i><span class=\"w-text-value\">Ora: 01:00 PM<\/span><\/span><\/h5><div class=\"w-image align_none\"><a ref=\"magnificPopup\" href=\"https:\/\/www.cinemaiubit.ro\/wp-content\/uploads\/2025\/12\/Masks_web.jpg\" aria-label=\"Masks_web\" class=\"w-image-h\"><img decoding=\"async\" width=\"1024\" height=\"631\" src=\"https:\/\/www.cinemaiubit.ro\/wp-content\/uploads\/2025\/12\/Masks_web-1024x631.jpg\" class=\"attachment-large size-large\" alt=\"\" loading=\"lazy\" srcset=\"https:\/\/www.cinemaiubit.ro\/wp-content\/uploads\/2025\/12\/Masks_web-1024x631.jpg 1024w, https:\/\/www.cinemaiubit.ro\/wp-content\/uploads\/2025\/12\/Masks_web-300x185.jpg 300w, https:\/\/www.cinemaiubit.ro\/wp-content\/uploads\/2025\/12\/Masks_web.jpg 1654w\" sizes=\"auto, (max-width: 1024px) 100vw, 1024px\" \/><\/a><\/div><\/div><\/div><\/div><div class=\"vc_col-sm-8 wpb_column vc_column_container\"><div class=\"vc_column-inner\"><div class=\"wpb_wrapper\"><div class=\"wpb_text_column\"><div class=\"wpb_wrapper\"><h5>Larven<br \/>\nDocumentar<br \/>\n12 min, 2025 &#8211; Germania, Filmakademie Baden-W\u00fcrttemberg<\/h5>\n<p>Regizor: Amina Rosa Krami<br \/>\nScenariu: Amina Rosa Krami<br \/>\nImagine: Anian Krone<br \/>\nMontaj: Emma Holzapfel<br \/>\nSunet: Jonathan R\u00f6sch<br \/>\nProduc\u0103tor: Amina Rosa Krami<\/p>\n<p>Sinopsis : Odat\u0103 cu prima ninsoare, \u00eentr-un sat montan \u00eencepe al cincilea anotimp. O dat\u0103 pe an, latura ne\u00eembl\u00e2nzit\u0103 \u0219i s\u0103lbatic\u0103 din b\u0103rba\u021bi poate ie\u0219i la iveal\u0103, sub protec\u021bia m\u0103\u0219tilor.<\/p>\n<\/div><\/div><div class=\"w-separator size_small with_line width_50 thick_2 style_dotted color_text align_center\"><div class=\"w-separator-h\"><\/div><\/div><\/div><\/div><\/div><\/div><\/div><\/section><section class=\"l-section wpb_row height_auto\"><div class=\"l-section-h i-cf\"><div class=\"g-cols vc_row via_flex valign_top type_default stacking_default\"><div class=\"vc_col-sm-4 wpb_column vc_column_container\"><div class=\"vc_column-inner\"><div class=\"wpb_wrapper\"><h5 class=\"w-text icon_atleft\"><span class=\"w-text-h\"><i class=\"fas fa-clock\"><\/i><span class=\"w-text-value\">Ora: 01:12 PM<\/span><\/span><\/h5><div class=\"w-image align_none\"><a ref=\"magnificPopup\" href=\"https:\/\/www.cinemaiubit.ro\/wp-content\/uploads\/2025\/12\/portrete-ale-depresiei_web.jpg\" aria-label=\"portrete ale depresiei_web\" class=\"w-image-h\"><img decoding=\"async\" width=\"1024\" height=\"631\" src=\"https:\/\/www.cinemaiubit.ro\/wp-content\/uploads\/2025\/12\/portrete-ale-depresiei_web-1024x631.jpg\" class=\"attachment-large size-large\" alt=\"\" loading=\"lazy\" srcset=\"https:\/\/www.cinemaiubit.ro\/wp-content\/uploads\/2025\/12\/portrete-ale-depresiei_web-1024x631.jpg 1024w, https:\/\/www.cinemaiubit.ro\/wp-content\/uploads\/2025\/12\/portrete-ale-depresiei_web-300x185.jpg 300w, https:\/\/www.cinemaiubit.ro\/wp-content\/uploads\/2025\/12\/portrete-ale-depresiei_web.jpg 1654w\" sizes=\"auto, (max-width: 1024px) 100vw, 1024px\" \/><\/a><\/div><\/div><\/div><\/div><div class=\"vc_col-sm-8 wpb_column vc_column_container\"><div class=\"vc_column-inner\"><div class=\"wpb_wrapper\"><div class=\"wpb_text_column\"><div class=\"wpb_wrapper\"><h5>Portrete ale depresiei<br \/>\nDocumentar<br \/>\n14 min, 2024 &#8211; Romania, CESI<\/h5>\n<p>Regizor: Isabela Adoch<br \/>\nScenariu: Isabela Adoch<br \/>\nMontaj: Cristian Dr\u0103gan<br \/>\nSunet: Isabela Adoch<br \/>\nProduc\u0103tor: Isabela Adoch, Ioana S\u0103vu\u021b<\/p>\n<p>Sinopsis : \u201ePortrete ale depresiei\u201d exploreaz\u0103 patru forme ale suferin\u021bei invizibile. Prin peisaje care oglindesc st\u0103ri interioare, filmul creeaz\u0103 un colaj delicat de durere, rezilien\u021b\u0103 \u0219i nevoia de a fi v\u0103zut.<\/p>\n<\/div><\/div><div class=\"w-separator size_small with_line width_50 thick_2 style_dotted color_text align_center\"><div class=\"w-separator-h\"><\/div><\/div><\/div><\/div><\/div><\/div><\/div><\/section><section class=\"l-section wpb_row height_auto\"><div class=\"l-section-h i-cf\"><div class=\"g-cols vc_row via_flex valign_top type_default stacking_default\"><div class=\"vc_col-sm-4 wpb_column vc_column_container\"><div class=\"vc_column-inner\"><div class=\"wpb_wrapper\"><h5 class=\"w-text icon_atleft\"><span class=\"w-text-h\"><i class=\"fas fa-clock\"><\/i><span class=\"w-text-value\">Ora: 01:26 PM<\/span><\/span><\/h5><div class=\"w-image align_none\"><a ref=\"magnificPopup\" href=\"https:\/\/www.cinemaiubit.ro\/wp-content\/uploads\/2025\/12\/Winters-return_web.jpg\" aria-label=\"Winters return_web\" class=\"w-image-h\"><img decoding=\"async\" width=\"1024\" height=\"631\" src=\"https:\/\/www.cinemaiubit.ro\/wp-content\/uploads\/2025\/12\/Winters-return_web-1024x631.jpg\" class=\"attachment-large size-large\" alt=\"\" loading=\"lazy\" srcset=\"https:\/\/www.cinemaiubit.ro\/wp-content\/uploads\/2025\/12\/Winters-return_web-1024x631.jpg 1024w, https:\/\/www.cinemaiubit.ro\/wp-content\/uploads\/2025\/12\/Winters-return_web-300x185.jpg 300w, https:\/\/www.cinemaiubit.ro\/wp-content\/uploads\/2025\/12\/Winters-return_web.jpg 1654w\" sizes=\"auto, (max-width: 1024px) 100vw, 1024px\" \/><\/a><\/div><\/div><\/div><\/div><div class=\"vc_col-sm-8 wpb_column vc_column_container\"><div class=\"vc_column-inner\"><div class=\"wpb_wrapper\"><div class=\"wpb_text_column\"><div class=\"wpb_wrapper\"><h5>\u03a7\u03c1\u03b9\u03c3\u03c4\u03bf\u03cd\u03b3\u03b5\u03bd\u03bd\u03b1 \u03b1\u03c0\u03cc \u03c7\u03b9\u03cc\u03bd\u03b9<br \/>\nDocumentar<br \/>\n12 min, 2025 &#8211; Grecia, Ionian University Audio Visual Arts<\/h5>\n<p>Regizor: Stratis Alvanos<br \/>\nScenariu: Stratis Alvanos<br \/>\nImagine: Stratis Alvanos<br \/>\nMontaj: Serafeim Parsaloglou Marathias<br \/>\nSunet: Fotis Pagalos<\/p>\n<p>Sinopsis : Filmul este o medita\u021bie asupra \u00eentoarcerii, a leg\u0103turilor familiale \u0219i a dorin\u021bei de apartenen\u021b\u0103. O \u00eentoarcere \u00een sat, de Cr\u0103ciun, se desf\u0103\u0219oar\u0103 ca o c\u0103l\u0103torie lini\u0219tit\u0103 \u00een lumea amintirilor \u0219i a redescoperirii.<\/p>\n<\/div><\/div><div class=\"w-separator size_small with_line width_50 thick_2 style_dotted color_text align_center\"><div class=\"w-separator-h\"><\/div><\/div><\/div><\/div><\/div><\/div><\/div><\/section><section class=\"l-section wpb_row height_auto\"><div class=\"l-section-h i-cf\"><div class=\"g-cols vc_row via_flex valign_top type_default stacking_default\"><div class=\"vc_col-sm-4 wpb_column vc_column_container\"><div class=\"vc_column-inner\"><div class=\"wpb_wrapper\"><h5 class=\"w-text icon_atleft\"><span class=\"w-text-h\"><i class=\"fas fa-clock\"><\/i><span class=\"w-text-value\">Ora: 01:38 PM<\/span><\/span><\/h5><div class=\"w-image align_none\"><a ref=\"magnificPopup\" href=\"https:\/\/www.cinemaiubit.ro\/wp-content\/uploads\/2025\/12\/ce-poate-fi-nasol-in-sex_web.jpg\" aria-label=\"ce poate fi nasol in sex_web\" class=\"w-image-h\"><img decoding=\"async\" width=\"1024\" height=\"631\" src=\"https:\/\/www.cinemaiubit.ro\/wp-content\/uploads\/2025\/12\/ce-poate-fi-nasol-in-sex_web-1024x631.jpg\" class=\"attachment-large size-large\" alt=\"\" loading=\"lazy\" srcset=\"https:\/\/www.cinemaiubit.ro\/wp-content\/uploads\/2025\/12\/ce-poate-fi-nasol-in-sex_web-1024x631.jpg 1024w, https:\/\/www.cinemaiubit.ro\/wp-content\/uploads\/2025\/12\/ce-poate-fi-nasol-in-sex_web-300x185.jpg 300w, https:\/\/www.cinemaiubit.ro\/wp-content\/uploads\/2025\/12\/ce-poate-fi-nasol-in-sex_web.jpg 1654w\" sizes=\"auto, (max-width: 1024px) 100vw, 1024px\" \/><\/a><\/div><\/div><\/div><\/div><div class=\"vc_col-sm-8 wpb_column vc_column_container\"><div class=\"vc_column-inner\"><div class=\"wpb_wrapper\"><div class=\"wpb_text_column\"><div class=\"wpb_wrapper\"><h5>Ce poate fi nasol \u00een sex???<br \/>\nDocumentar<br \/>\n23 min, 2024 &#8211; Romania, UNATC<\/h5>\n<p>Regizor: Andreea Matei<br \/>\nImagine: Eva Cre\u021bu<br \/>\nMontaj: Toma Despot<br \/>\nSunet: Toma Despot<br \/>\nProduc\u0103tor: Andreea Matei<\/p>\n<p>Sinopsis : \u00centr-un c\u0103min studen\u021besc, un grup de tineri realizeaz\u0103 un jurnal video despre experien\u021bele lor sexuale \u0219i despre modul \u00een care acestea le influen\u021beaz\u0103 via\u021ba.<\/p>\n<\/div><\/div><div class=\"w-separator size_small with_line width_50 thick_2 style_dotted color_text align_center\"><div class=\"w-separator-h\"><\/div><\/div><\/div><\/div><\/div><\/div><\/div><\/section><section class=\"l-section wpb_row height_auto\"><div class=\"l-section-h i-cf\"><div class=\"g-cols vc_row via_flex valign_top type_default stacking_default\"><div class=\"vc_col-sm-4 wpb_column vc_column_container\"><div class=\"vc_column-inner\"><div class=\"wpb_wrapper\"><h5 class=\"w-text icon_atleft\"><span class=\"w-text-h\"><i class=\"fas fa-clock\"><\/i><span class=\"w-text-value\">Ora: 02:01 PM<\/span><\/span><\/h5><div class=\"w-image align_none\"><a ref=\"magnificPopup\" href=\"https:\/\/www.cinemaiubit.ro\/wp-content\/uploads\/2025\/12\/what-happened-with-my-olive-tree_web.jpg\" aria-label=\"what happened with my olive tree_web\" class=\"w-image-h\"><img decoding=\"async\" width=\"1024\" height=\"631\" src=\"https:\/\/www.cinemaiubit.ro\/wp-content\/uploads\/2025\/12\/what-happened-with-my-olive-tree_web-1024x631.jpg\" class=\"attachment-large size-large\" alt=\"\" loading=\"lazy\" srcset=\"https:\/\/www.cinemaiubit.ro\/wp-content\/uploads\/2025\/12\/what-happened-with-my-olive-tree_web-1024x631.jpg 1024w, https:\/\/www.cinemaiubit.ro\/wp-content\/uploads\/2025\/12\/what-happened-with-my-olive-tree_web-300x185.jpg 300w, https:\/\/www.cinemaiubit.ro\/wp-content\/uploads\/2025\/12\/what-happened-with-my-olive-tree_web.jpg 1654w\" sizes=\"auto, (max-width: 1024px) 100vw, 1024px\" \/><\/a><\/div><\/div><\/div><\/div><div class=\"vc_col-sm-8 wpb_column vc_column_container\"><div class=\"vc_column-inner\"><div class=\"wpb_wrapper\"><div class=\"wpb_text_column\"><div class=\"wpb_wrapper\"><h5>What hapened to my olive tree?<br \/>\nDocumentar<br \/>\n22 min, 2024 &#8211; Germania, Filmakademie Baden-W\u00fcrttemberg<\/h5>\n<p>Regizor: Sama Zuhair<br \/>\nScenariu: Sama Zuhair<br \/>\nImagine: Philipp Rode, Aly Soliman Salem<br \/>\nMontaj: Jonathan Scheid<br \/>\nSunet: Muhammet Can<br \/>\nProduc\u0103tor: Marc Colditz<\/p>\n<p>Sinopsis : Orice copil se urc\u0103 \u00eentr-un copac m\u0103car o dat\u0103 \u00een via\u021b\u0103, dar ce-ar fi dac\u0103 acest copac ar fi singura modalitate prin care un copil poate vedea lumea exterioar\u0103? \u201cWhat happened to my Olive Tree?\u201d este un documentar ce vorbe\u0219te despre c\u00e2t de diferit\u0103 poate fi via\u021ba unui copil \u00een timpul unui r\u0103zboi.<\/p>\n<\/div><\/div><div class=\"w-separator size_small with_line width_50 thick_2 style_dotted color_text align_center\"><div class=\"w-separator-h\"><\/div><\/div><\/div><\/div><\/div><\/div><\/div><\/section><section class=\"l-section wpb_row height_auto\"><div class=\"l-section-h i-cf\"><div class=\"g-cols vc_row via_flex valign_top type_default stacking_default\"><div class=\"vc_col-sm-4 wpb_column vc_column_container\"><div class=\"vc_column-inner\"><div class=\"wpb_wrapper\"><h5 class=\"w-text icon_atleft\"><span class=\"w-text-h\"><i class=\"fas fa-clock\"><\/i><span class=\"w-text-value\">Ora: 02:23 PM<\/span><\/span><\/h5><div class=\"w-image align_none\"><a ref=\"magnificPopup\" href=\"https:\/\/www.cinemaiubit.ro\/wp-content\/uploads\/2025\/12\/tara-nimanui_web.jpg\" aria-label=\"tara nimanui_web\" class=\"w-image-h\"><img decoding=\"async\" width=\"1024\" height=\"631\" src=\"https:\/\/www.cinemaiubit.ro\/wp-content\/uploads\/2025\/12\/tara-nimanui_web-1024x631.jpg\" class=\"attachment-large size-large\" alt=\"\" loading=\"lazy\" srcset=\"https:\/\/www.cinemaiubit.ro\/wp-content\/uploads\/2025\/12\/tara-nimanui_web-1024x631.jpg 1024w, https:\/\/www.cinemaiubit.ro\/wp-content\/uploads\/2025\/12\/tara-nimanui_web-300x185.jpg 300w, https:\/\/www.cinemaiubit.ro\/wp-content\/uploads\/2025\/12\/tara-nimanui_web.jpg 1654w\" sizes=\"auto, (max-width: 1024px) 100vw, 1024px\" \/><\/a><\/div><\/div><\/div><\/div><div class=\"vc_col-sm-8 wpb_column vc_column_container\"><div class=\"vc_column-inner\"><div class=\"wpb_wrapper\"><div class=\"wpb_text_column\"><div class=\"wpb_wrapper\"><h5>\u021aara nim\u0103nui<br \/>\nDocumentar<br \/>\n25 min, 2024 &#8211; Romania, UBB<\/h5>\n<p>Regizor: Oleg Creang\u0103<br \/>\nImagine: Dan Osteniuc<br \/>\nMontaj: Andreea Eli<br \/>\nSunet: Ianu\u0219 Vatamani\u021ba<br \/>\nProduc\u0103tor: Oleg Creang\u0103<\/p>\n<p>Synopsis : Doi tineri decid s\u0103 realizeze un documentar despre via\u021ba oamenilor din sate sau zonele specifice unei \u021b\u0103ri semi-abandonate, privit\u0103 din perspectiva Republicii Moldova. Fiind ambii moldoveni \u0219i membri ai diasporei, ei \u00eencearc\u0103 s\u0103 exploreze cealalt\u0103 fa\u021b\u0103 a realit\u0103\u021bii, contrazic\u00e2nd paradigma cu care au fost crescu\u021bi ultimele genera\u021bii de tineri: \u201eDin aceast\u0103 Moldov\u0103 trebuie s\u0103 fugi c\u00e2t mai departe\u201d.<\/p>\n<\/div><\/div><div class=\"w-separator size_small with_line width_50 thick_2 style_dotted color_text align_center\"><div class=\"w-separator-h\"><\/div><\/div><\/div><\/div><\/div><\/div><\/div><\/section><section class=\"l-section wpb_row height_auto\"><div class=\"l-section-h i-cf\"><div class=\"g-cols vc_row via_flex valign_top type_default stacking_default\"><div class=\"vc_col-sm-4 wpb_column vc_column_container\"><div class=\"vc_column-inner\"><div class=\"wpb_wrapper\"><h5 class=\"w-text icon_atleft\"><span class=\"w-text-h\"><i class=\"fas fa-clock\"><\/i><span class=\"w-text-value\">Ora: 02:48 PM<\/span><\/span><\/h5><div class=\"w-image align_none\"><a ref=\"magnificPopup\" href=\"https:\/\/www.cinemaiubit.ro\/wp-content\/uploads\/2025\/12\/dorinta-bunicii-Paula_web.jpg\" aria-label=\"dorinta bunicii Paula_web\" class=\"w-image-h\"><img decoding=\"async\" width=\"1024\" height=\"631\" src=\"https:\/\/www.cinemaiubit.ro\/wp-content\/uploads\/2025\/12\/dorinta-bunicii-Paula_web-1024x631.jpg\" class=\"attachment-large size-large\" alt=\"\" loading=\"lazy\" srcset=\"https:\/\/www.cinemaiubit.ro\/wp-content\/uploads\/2025\/12\/dorinta-bunicii-Paula_web-1024x631.jpg 1024w, https:\/\/www.cinemaiubit.ro\/wp-content\/uploads\/2025\/12\/dorinta-bunicii-Paula_web-300x185.jpg 300w, https:\/\/www.cinemaiubit.ro\/wp-content\/uploads\/2025\/12\/dorinta-bunicii-Paula_web.jpg 1654w\" sizes=\"auto, (max-width: 1024px) 100vw, 1024px\" \/><\/a><\/div><\/div><\/div><\/div><div class=\"vc_col-sm-8 wpb_column vc_column_container\"><div class=\"vc_column-inner\"><div class=\"wpb_wrapper\"><div class=\"wpb_text_column\"><div class=\"wpb_wrapper\"><h5>Dorin\u021ba bunicii Paula<br \/>\nDocumentar<br \/>\n11 min, 2024 &#8211; Romania, UNATC<\/h5>\n<p>Regizor: Alexandru Palaghia<br \/>\nScenariu: Alexandru Palaghia, Diana Elena Barb\u0103lat\u0103<br \/>\nImagine: Andreea Fechet<br \/>\nMontaj: Andrei-Radu Urde\u0219<br \/>\nSunet: Andrei-Radu Urde\u0219<br \/>\nProduc\u0103tor: Alexandru Palaghia<\/p>\n<p>Sinopsis :<\/p>\n<\/div><\/div><div class=\"w-separator size_small with_line width_50 thick_2 style_dotted color_text align_center\"><div class=\"w-separator-h\"><\/div><\/div><\/div><\/div><\/div><\/div><\/div><\/section>\n","protected":false},"excerpt":{"rendered":"DOCUMENTAR 1 10 decembrie 2025 SALA CINEMA UNATC \u2013 01.00 PM \u2013 04.00 PM Ora: 01:00 PMLarven Documentar 12 min, 2025 &#8211; Germania, Filmakademie Baden-W\u00fcrttemberg Regizor: Amina Rosa Krami Scenariu: Amina Rosa Krami Imagine: Anian Krone Montaj: Emma Holzapfel Sunet: Jonathan R\u00f6sch Produc\u0103tor: Amina Rosa Krami Sinopsis : Odat\u0103 cu prima ninsoare, \u00eentr-un sat montan...","protected":false},"author":1,"featured_media":0,"parent":38,"menu_order":0,"comment_status":"closed","ping_status":"closed","template":"","meta":{"footnotes":""},"class_list":["post-1010","page","type-page","status-publish","hentry"],"_links":{"self":[{"href":"https:\/\/www.cinemaiubit.ro\/ro\/wp-json\/wp\/v2\/pages\/1010","targetHints":{"allow":["GET"]}}],"collection":[{"href":"https:\/\/www.cinemaiubit.ro\/ro\/wp-json\/wp\/v2\/pages"}],"about":[{"href":"https:\/\/www.cinemaiubit.ro\/ro\/wp-json\/wp\/v2\/types\/page"}],"author":[{"embeddable":true,"href":"https:\/\/www.cinemaiubit.ro\/ro\/wp-json\/wp\/v2\/users\/1"}],"replies":[{"embeddable":true,"href":"https:\/\/www.cinemaiubit.ro\/ro\/wp-json\/wp\/v2\/comments?post=1010"}],"version-history":[{"count":5,"href":"https:\/\/www.cinemaiubit.ro\/ro\/wp-json\/wp\/v2\/pages\/1010\/revisions"}],"predecessor-version":[{"id":1022,"href":"https:\/\/www.cinemaiubit.ro\/ro\/wp-json\/wp\/v2\/pages\/1010\/revisions\/1022"}],"up":[{"embeddable":true,"href":"https:\/\/www.cinemaiubit.ro\/ro\/wp-json\/wp\/v2\/pages\/38"}],"wp:attachment":[{"href":"https:\/\/www.cinemaiubit.ro\/ro\/wp-json\/wp\/v2\/media?parent=1010"}],"curies":[{"name":"wp","href":"https:\/\/api.w.org\/{rel}","templated":true}]}}